{"id":4495,"date":"2025-09-08T11:51:11","date_gmt":"2025-09-08T15:51:11","guid":{"rendered":"https:\/\/mhamichiana.org\/?post_type=event&#038;p=4495"},"modified":"2025-10-01T13:08:08","modified_gmt":"2025-10-01T17:08:08","slug":"mham-2025-fall-summit","status":"publish","type":"event","link":"https:\/\/mhamichiana.org\/es\/event\/mham-2025-fall-summit\/","title":{"rendered":"Cumbre de oto\u00f1o de MHAM 2025"},"content":{"rendered":"<h2 style=\"text-align: center;\"><span style=\"color: #ff9f37;\">En respuesta a los tiempos que corren: <\/span><\/h2>\n<h3 style=\"text-align: center;\"><span style=\"color: #ff9f37;\">Consideraciones sobre pol\u00edticas, financiaci\u00f3n y colaboraci\u00f3n<\/span><\/h3>\n<div class=\"xdj266r x14z9mp xat24cr x1lziwak x1vvkbs\">\n<p><span style=\"color: #385988;\"><strong>Concientizaci\u00f3n sobre la salud mental en Michiana<\/strong> (MHAM) se enorgullece en anunciar nuestro <strong>Cumbre de oto\u00f1o de 2025<\/strong> \u2013 &#039;\u2018<strong>Adaptarse a los tiempos actuales: Consideraciones sobre pol\u00edticas, financiaci\u00f3n y colaboraci\u00f3n.<\/strong>\u2018&#039;, en colaboraci\u00f3n con el <span style=\"color: #f95d62;\"><a style=\"color: #f95d62;\" href=\"https:\/\/sjcpl.org\/\"><strong>Biblioteca p\u00fablica del condado de St. Joe<\/strong><\/a><\/span> y con el apoyo de un patrocinador platino <span style=\"color: #f95d62;\"><a style=\"color: #f95d62;\" href=\"https:\/\/oaklawn.org\/\"><strong>Centro Psiqui\u00e1trico de Oaklawn<\/strong><\/a><\/span>.<\/span><\/p>\n<\/div>\n<h4 class=\"x14z9mp xat24cr x1lziwak x1vvkbs xtlvy1s\" style=\"text-align: center;\"><span style=\"color: #385988;\"><strong>REG\u00cdSTRESE HOY:<\/strong><\/span><\/h4>\n<p><a href=\"https:\/\/mentalhealthawarenessmichiana.regfox.com\/2025-fall-summit\"><img decoding=\"async\" class=\"aligncenter wp-image-4138 size-medium\" src=\"https:\/\/mhamichiana.org\/wp-content\/uploads\/2025\/03\/Click-Here-to-Register-300x150.png\" alt=\"Click Here to Register\" width=\"300\" height=\"150\" srcset=\"https:\/\/mhamichiana.org\/wp-content\/uploads\/2025\/03\/Click-Here-to-Register-300x150.png 300w, https:\/\/mhamichiana.org\/wp-content\/uploads\/2025\/03\/Click-Here-to-Register-18x9.png 18w, https:\/\/mhamichiana.org\/wp-content\/uploads\/2025\/03\/Click-Here-to-Register.png 400w\" sizes=\"(max-width: 300px) 100vw, 300px\" \/><\/a><\/p>\n<p><strong><span style=\"color: #385988;\"><br \/>\nFECHA: Jueves, 16 de octubre de 2025<\/span><\/strong><br class=\"html-br\" \/><strong><span style=\"color: #385988;\">HORARIO: 8:30 a. m. \u2013 12:30 p. m. (hora del este)<\/span><\/strong><br class=\"html-br\" \/><strong><span style=\"color: #385988;\">UBICACI\u00d3N: Centro de Aprendizaje Comunitario, Biblioteca P\u00fablica del Condado de St. Joe<\/span><\/strong><br class=\"html-br\" \/><strong><span style=\"color: #385988;\">COSTO: Gratis <\/span><\/strong><em><span style=\"color: #385988;\">(Se requiere inscripci\u00f3n)<\/span><\/em><\/p>\n<p><span style=\"color: #385988;\">CRONOGRAMA<\/span><\/p>\n<p class=\"cvGsUA direction-ltr align-start para-style-body\"><span class=\"a_GcMg font-feature-liga-off font-feature-clig-off font-feature-calt-off text-decoration-none text-strikethrough-none\" style=\"color: #385988;\">8:30 h \u2013 Registro y refrigerios ligeros<\/span><\/p>\n<p class=\"cvGsUA direction-ltr align-start para-style-body\"><span class=\"a_GcMg font-feature-liga-off font-feature-clig-off font-feature-calt-off text-decoration-none text-strikethrough-none\" style=\"color: #385988;\">9:00 a. m. \u2013 Bienvenida \u2013 Jan Marable (Directora de Extensi\u00f3n Comunitaria y Educaci\u00f3n, MHAM)<\/span><\/p>\n<p class=\"cvGsUA direction-ltr align-start para-style-body\"><span class=\"a_GcMg font-feature-liga-off font-feature-clig-off font-feature-calt-off text-decoration-none text-strikethrough-none\" style=\"color: #385988;\">9:10-9:50 h \u2013 Ponente principal: Jeff Shuck, presentado por Lisa Kelly (Directora Ejecutiva de MHAM).<\/span><\/p>\n<p class=\"cvGsUA direction-ltr align-start para-style-body\"><span class=\"a_GcMg font-feature-liga-off font-feature-clig-off font-feature-calt-off text-decoration-none text-strikethrough-none\" style=\"color: #385988;\">9:50-10:10 h \u2013 Resultados de la encuesta comunitaria, en colaboraci\u00f3n con el Instituto Eck de Salud Global de Notre Dame \u2013 Lisa Kelly (Directora Ejecutiva de MHAM)<\/span><\/p>\n<p class=\"cvGsUA direction-ltr align-start para-style-body\"><span class=\"a_GcMg font-feature-liga-off font-feature-clig-off font-feature-calt-off text-decoration-none text-strikethrough-none\" style=\"color: #385988;\">10:10-11:00 am \u2013 <\/span><span style=\"color: #385988;\"><span class=\"a_GcMg font-feature-liga-off font-feature-clig-off font-feature-calt-off text-decoration-none text-strikethrough-none\">Sobre el terreno: Perspectivas de los l\u00edderes de organizaciones sin fines de lucro \u2014 <\/span><span class=\"a_GcMg font-feature-liga-off font-feature-clig-off font-feature-calt-off text-decoration-none text-strikethrough-none\">moderado por<\/span><span class=\"a_GcMg font-feature-liga-off font-feature-clig-off font-feature-calt-off text-decoration-none text-strikethrough-none\"> Dra. Elizabeth Bennion <\/span><span class=\"a_GcMg font-feature-liga-off font-feature-clig-off font-feature-calt-off text-decoration-none text-strikethrough-none\">(<\/span><span class=\"a_GcMg font-feature-liga-off font-feature-clig-off font-feature-calt-off text-decoration-none text-strikethrough-none\">Profesor titular de Ciencias Pol\u00edticas y director de Participaci\u00f3n Comunitaria, IUSB<\/span><span class=\"a_GcMg font-feature-liga-off font-feature-clig-off font-feature-calt-off text-decoration-none text-strikethrough-none\">), con los panelistas:<\/span><\/span><\/p>\n<ul>\n<li class=\"cvGsUA direction-ltr align-start para-style-body\"><span style=\"color: #385988;\"><span class=\"a_GcMg font-feature-liga-off font-feature-clig-off font-feature-calt-off text-decoration-none text-strikethrough-none\">BONITA SHROCK \u2013 <\/span><span class=\"a_GcMg font-feature-liga-off font-feature-clig-off font-feature-calt-off text-decoration-none text-strikethrough-none\">Directora Cl\u00ednica en Oaklawn<\/span><\/span><\/li>\n<li class=\"cvGsUA direction-ltr align-start para-style-body\"><span style=\"color: #385988;\"><span class=\"a_GcMg font-feature-liga-off font-feature-clig-off font-feature-calt-off text-decoration-none text-strikethrough-none\">STEPHANIE MURPHY \u2013 <\/span><span class=\"a_GcMg font-feature-liga-off font-feature-clig-off font-feature-calt-off text-decoration-none text-strikethrough-none\">Director Ejecutivo @ SJCPL<\/span><\/span><\/li>\n<li class=\"cvGsUA direction-ltr align-start para-style-body\"><span style=\"color: #385988;\"><span class=\"a_GcMg font-feature-liga-off font-feature-clig-off font-feature-calt-off text-decoration-none text-strikethrough-none\">KARLA &#039;KJ&#039; MAPES \u2013 <\/span><span class=\"a_GcMg font-feature-liga-off font-feature-clig-off font-feature-calt-off text-decoration-none text-strikethrough-none\">Presidente y director ejecutivo en Real Services<\/span><\/span><\/li>\n<li class=\"cvGsUA direction-ltr align-start para-style-body\"><span style=\"color: #385988;\"><span class=\"a_GcMg font-feature-liga-off font-feature-clig-off font-feature-calt-off text-decoration-none text-strikethrough-none\">JUAN CONSTANTINO \u2013 <\/span><span class=\"a_GcMg font-feature-liga-off font-feature-clig-off font-feature-calt-off text-decoration-none text-strikethrough-none\">Director ejecutivo @ La Casa de Amistad<\/span><\/span><\/li>\n<\/ul>\n<p class=\"cvGsUA direction-ltr align-start para-style-body\"><span class=\"a_GcMg font-feature-liga-off font-feature-clig-off font-feature-calt-off text-decoration-none text-strikethrough-none\" style=\"color: #385988;\"><br \/>\n11:10-11:40 am \u2013 Taller de colaboraci\u00f3n \u2013 Anna Sawatzky (The Source)<\/span><\/p>\n<p class=\"cvGsUA direction-ltr align-start para-style-body\"><span class=\"a_GcMg font-feature-liga-off font-feature-clig-off font-feature-calt-off text-decoration-none text-strikethrough-none\" style=\"color: #385988;\">11:45-12:15 pm \u2013 Defensa Comunitaria \u2013 Dara M\u00e1rquez (La Casa de Amistad); Carl Hetler (Ciudad de South Bend)<\/span><\/p>\n<p class=\"cvGsUA direction-ltr align-start para-style-body\"><span class=\"a_GcMg font-feature-liga-off font-feature-clig-off font-feature-calt-off text-decoration-none text-strikethrough-none\" style=\"color: #385988;\">12:30 pm \u2013 Cierre<\/span><\/p>\n<p>&nbsp;<\/p>\n<p><span style=\"color: #385988;\">Habr\u00e1 mesas informativas donde se podr\u00e1 conocer los servicios disponibles para la comunidad.\u00a0<\/span><\/p>\n<p><em><span style=\"color: #385988;\">\u00a0<\/span><\/em><\/p>\n<div class=\"x14z9mp xat24cr x1lziwak x1vvkbs xtlvy1s\">\n<p><span style=\"color: #385988;\">Acerca de la Cumbre:<\/span><\/p>\n<\/div>\n<div class=\"x14z9mp xat24cr x1lziwak x1vvkbs xtlvy1s\"><span style=\"color: #385988;\">Vivimos en una \u00e9poca de cambios vertiginosos, con pol\u00edticas cambiantes y fuentes de financiaci\u00f3n inciertas. La Cumbre de Oto\u00f1o de este a\u00f1o explorar\u00e1 las realidades y los desaf\u00edos que estos cambios plantean a las organizaciones que sirven a nuestra comunidad, al tiempo que destacar\u00e1 estrategias creativas para garantizar la sostenibilidad y la colaboraci\u00f3n.<\/span><\/div>\n<div class=\"x14z9mp xat24cr x1lziwak x1vvkbs xtlvy1s\">\n<p><span style=\"color: #385988;\">\u00danase a l\u00edderes locales, proveedores y miembros de la comunidad para una ma\u00f1ana din\u00e1mica de di\u00e1logo, aprendizaje compartido y conexi\u00f3n con recursos. Tambi\u00e9n habr\u00e1 mesas informativas con recursos locales.<\/span><\/p>\n<p>&nbsp;<\/p>\n<hr \/>\n<h3 style=\"text-align: center;\"><span style=\"color: #385988;\"><b><br \/>\nPara obtener m\u00e1s informaci\u00f3n sobre el\u00a0<span style=\"color: #f95d62;\">Asesoramiento Gratuito<\/span>, haga clic<\/b>\u00a0<span style=\"color: #ff9f37;\"><a style=\"color: #ff9f37;\" href=\"https:\/\/mhamichiana.org\/es\/pro-bono-counseling-project\/\"><b>AQU\u00cd<\/b><\/a><\/span><b>!<\/b><\/span><\/h3>\n<p style=\"text-align: center;\"><span style=\"color: #385988;\"><i><br \/>\n\u00bfTe interesan las oportunidades de voluntariado? Env\u00edanos un correo electr\u00f3nico:<\/i><\/span><\/p>\n<h3 style=\"text-align: center;\"><span style=\"color: #f95d62;\"><b>info@mhamichiana.org<\/b><\/span><\/h3>\n<p style=\"text-align: center;\"><span style=\"color: #385988;\"><i><br \/>\n\u2192 Para hacer una donaci\u00f3n econ\u00f3mica para apoyar a MHAM, visite:<\/i><\/span><\/p>\n<h3 style=\"text-align: center;\"><span style=\"color: #385988;\"><strong><a style=\"color: #385988;\" href=\"https:\/\/mhamichiana.org\/es\/donate\/\"><span style=\"color: #ff9f37;\">Donar<\/span><\/a><\/strong><\/span><\/h3>\n<p><img fetchpriority=\"high\" decoding=\"async\" class=\"aligncenter size-large wp-image-3856\" src=\"https:\/\/mhamichiana.org\/wp-content\/uploads\/2025\/01\/Footer-for-Blog-Posts-2025-1024x273.png\" alt=\"Footer for Blog Posts 2025\" width=\"800\" height=\"213\" srcset=\"https:\/\/mhamichiana.org\/wp-content\/uploads\/2025\/01\/Footer-for-Blog-Posts-2025-1024x273.png 1024w, https:\/\/mhamichiana.org\/wp-content\/uploads\/2025\/01\/Footer-for-Blog-Posts-2025-300x80.png 300w, https:\/\/mhamichiana.org\/wp-content\/uploads\/2025\/01\/Footer-for-Blog-Posts-2025-768x205.png 768w, https:\/\/mhamichiana.org\/wp-content\/uploads\/2025\/01\/Footer-for-Blog-Posts-2025-18x5.png 18w, https:\/\/mhamichiana.org\/wp-content\/uploads\/2025\/01\/Footer-for-Blog-Posts-2025.png 1500w\" sizes=\"(max-width: 800px) 100vw, 800px\" \/><\/p>\n<\/div>","protected":false},"excerpt":{"rendered":"<p>Responding to the Times: Policy, Funding, and Collaboration Considerations Mental Health Awareness of Michiana (MHAM) is proud to announce our 2025 Fall Summit &#8211; &#8216;Responding to the Times: Policy, Funding, and Collaboration Considerations&#8216;, in partnership with the St. Joe County Public Library and supported by platinum sponsor Oaklawn Psychiatric Center. REGISTER TODAY: DATE: Thursday, October [&hellip;]<\/p>\n","protected":false},"author":3,"featured_media":4498,"template":"","class_list":["post-4495","event","type-event","status-publish","has-post-thumbnail","hentry"],"yoast_head":"<!-- This site is optimized with the Yoast SEO plugin v27.4 - https:\/\/yoast.com\/product\/yoast-seo-wordpress\/ -->\n<title>MHAM 2025 Fall Summit - Mental Health Awareness of Michiana<\/title>\n<meta name=\"description\" content=\"Mental Health Awareness of Michiana (MHAM) is proud to announce our 2025 Fall Summit - &#039;Responding to the Times: Policy, Funding, and Collaboration Considerations&#039;, in partnership with the St. Joe County Public Library and supported by platinum sponsor Oaklawn Psychiatric Center.\" \/>\n<meta name=\"robots\" content=\"index, follow, max-snippet:-1, max-image-preview:large, max-video-preview:-1\" \/>\n<link rel=\"canonical\" href=\"https:\/\/mhamichiana.org\/es\/event\/mham-2025-fall-summit\/\" \/>\n<meta property=\"og:locale\" content=\"es_MX\" \/>\n<meta property=\"og:type\" content=\"article\" \/>\n<meta property=\"og:title\" content=\"MHAM 2025 Fall Summit - Mental Health Awareness of Michiana\" \/>\n<meta property=\"og:description\" content=\"Mental Health Awareness of Michiana (MHAM) is proud to announce our 2025 Fall Summit - &#039;Responding to the Times: Policy, Funding, and Collaboration Considerations&#039;, in partnership with the St. Joe County Public Library and supported by platinum sponsor Oaklawn Psychiatric Center.\" \/>\n<meta property=\"og:url\" content=\"https:\/\/mhamichiana.org\/es\/event\/mham-2025-fall-summit\/\" \/>\n<meta property=\"og:site_name\" content=\"Mental Health Awareness of Michiana\" \/>\n<meta property=\"article:modified_time\" content=\"2025-10-01T17:08:08+00:00\" \/>\n<meta property=\"og:image\" content=\"https:\/\/mhamichiana.org\/wp-content\/uploads\/2025\/09\/2025-Autumn-Summit-Responding-to-the-Times.png\" \/>\n\t<meta property=\"og:image:width\" content=\"2560\" \/>\n\t<meta property=\"og:image:height\" content=\"1340\" \/>\n\t<meta property=\"og:image:type\" content=\"image\/png\" \/>\n<meta name=\"twitter:card\" content=\"summary_large_image\" \/>\n<meta name=\"twitter:label1\" content=\"Tiempo de lectura\" \/>\n\t<meta name=\"twitter:data1\" content=\"3 minutos\" \/>\n<script type=\"application\/ld+json\" class=\"yoast-schema-graph\">{\"@context\":\"https:\\\/\\\/schema.org\",\"@graph\":[{\"@type\":\"WebPage\",\"@id\":\"https:\\\/\\\/mhamichiana.org\\\/event\\\/mham-2025-fall-summit\\\/\",\"url\":\"https:\\\/\\\/mhamichiana.org\\\/event\\\/mham-2025-fall-summit\\\/\",\"name\":\"MHAM 2025 Fall Summit - Mental Health Awareness of Michiana\",\"isPartOf\":{\"@id\":\"https:\\\/\\\/mhamichiana.org\\\/#website\"},\"primaryImageOfPage\":{\"@id\":\"https:\\\/\\\/mhamichiana.org\\\/event\\\/mham-2025-fall-summit\\\/#primaryimage\"},\"image\":{\"@id\":\"https:\\\/\\\/mhamichiana.org\\\/event\\\/mham-2025-fall-summit\\\/#primaryimage\"},\"thumbnailUrl\":\"https:\\\/\\\/mhamichiana.org\\\/wp-content\\\/uploads\\\/2025\\\/09\\\/2025-Autumn-Summit-Responding-to-the-Times.png\",\"datePublished\":\"2025-09-08T15:51:11+00:00\",\"dateModified\":\"2025-10-01T17:08:08+00:00\",\"description\":\"Mental Health Awareness of Michiana (MHAM) is proud to announce our 2025 Fall Summit - 'Responding to the Times: Policy, Funding, and Collaboration Considerations', in partnership with the St. Joe County Public Library and supported by platinum sponsor Oaklawn Psychiatric Center.\",\"breadcrumb\":{\"@id\":\"https:\\\/\\\/mhamichiana.org\\\/event\\\/mham-2025-fall-summit\\\/#breadcrumb\"},\"inLanguage\":\"es\",\"potentialAction\":[{\"@type\":\"ReadAction\",\"target\":[\"https:\\\/\\\/mhamichiana.org\\\/event\\\/mham-2025-fall-summit\\\/\"]}]},{\"@type\":\"ImageObject\",\"inLanguage\":\"es\",\"@id\":\"https:\\\/\\\/mhamichiana.org\\\/event\\\/mham-2025-fall-summit\\\/#primaryimage\",\"url\":\"https:\\\/\\\/mhamichiana.org\\\/wp-content\\\/uploads\\\/2025\\\/09\\\/2025-Autumn-Summit-Responding-to-the-Times.png\",\"contentUrl\":\"https:\\\/\\\/mhamichiana.org\\\/wp-content\\\/uploads\\\/2025\\\/09\\\/2025-Autumn-Summit-Responding-to-the-Times.png\",\"width\":2560,\"height\":1340,\"caption\":\"MHAM 2025 Autumn Summit header\"},{\"@type\":\"BreadcrumbList\",\"@id\":\"https:\\\/\\\/mhamichiana.org\\\/event\\\/mham-2025-fall-summit\\\/#breadcrumb\",\"itemListElement\":[{\"@type\":\"ListItem\",\"position\":1,\"name\":\"Home\",\"item\":\"https:\\\/\\\/mhamichiana.org\\\/\"},{\"@type\":\"ListItem\",\"position\":2,\"name\":\"Event\",\"item\":\"https:\\\/\\\/mhamichiana.org\\\/event\\\/\"},{\"@type\":\"ListItem\",\"position\":3,\"name\":\"MHAM 2025 Fall Summit\"}]},{\"@type\":\"WebSite\",\"@id\":\"https:\\\/\\\/mhamichiana.org\\\/#website\",\"url\":\"https:\\\/\\\/mhamichiana.org\\\/\",\"name\":\"Mental Health Awareness of Michiana\",\"description\":\"Eliminate Stigma, Build Collaboration, Ensure Access to Care\",\"publisher\":{\"@id\":\"https:\\\/\\\/mhamichiana.org\\\/#organization\"},\"potentialAction\":[{\"@type\":\"SearchAction\",\"target\":{\"@type\":\"EntryPoint\",\"urlTemplate\":\"https:\\\/\\\/mhamichiana.org\\\/?s={search_term_string}\"},\"query-input\":{\"@type\":\"PropertyValueSpecification\",\"valueRequired\":true,\"valueName\":\"search_term_string\"}}],\"inLanguage\":\"es\"},{\"@type\":\"Organization\",\"@id\":\"https:\\\/\\\/mhamichiana.org\\\/#organization\",\"name\":\"Mental Health Awareness of Michiana\",\"url\":\"https:\\\/\\\/mhamichiana.org\\\/\",\"logo\":{\"@type\":\"ImageObject\",\"inLanguage\":\"es\",\"@id\":\"https:\\\/\\\/mhamichiana.org\\\/#\\\/schema\\\/logo\\\/image\\\/\",\"url\":\"https:\\\/\\\/mhamichiana.org\\\/wp-content\\\/uploads\\\/2024\\\/12\\\/MHAM-MHA-White-1.png\",\"contentUrl\":\"https:\\\/\\\/mhamichiana.org\\\/wp-content\\\/uploads\\\/2024\\\/12\\\/MHAM-MHA-White-1.png\",\"width\":2560,\"height\":427,\"caption\":\"Mental Health Awareness of Michiana\"},\"image\":{\"@id\":\"https:\\\/\\\/mhamichiana.org\\\/#\\\/schema\\\/logo\\\/image\\\/\"}}]}<\/script>\n<!-- \/ Yoast SEO plugin. -->","yoast_head_json":{"title":"Cumbre de oto\u00f1o de MHAM 2025 - Concientizaci\u00f3n sobre la salud mental en Michiana","description":"Mental Health Awareness of Michiana (MHAM) se enorgullece en anunciar su Cumbre de Oto\u00f1o de 2025: &quot;Respondiendo a los tiempos: Consideraciones sobre pol\u00edticas, financiaci\u00f3n y colaboraci\u00f3n&quot;, en colaboraci\u00f3n con la Biblioteca P\u00fablica del Condado de St. Joe y con el apoyo del patrocinador platino Oaklawn Psychiatric Center.","robots":{"index":"index","follow":"follow","max-snippet":"max-snippet:-1","max-image-preview":"max-image-preview:large","max-video-preview":"max-video-preview:-1"},"canonical":"https:\/\/mhamichiana.org\/es\/event\/mham-2025-fall-summit\/","og_locale":"es_MX","og_type":"article","og_title":"MHAM 2025 Fall Summit - Mental Health Awareness of Michiana","og_description":"Mental Health Awareness of Michiana (MHAM) is proud to announce our 2025 Fall Summit - 'Responding to the Times: Policy, Funding, and Collaboration Considerations', in partnership with the St. Joe County Public Library and supported by platinum sponsor Oaklawn Psychiatric Center.","og_url":"https:\/\/mhamichiana.org\/es\/event\/mham-2025-fall-summit\/","og_site_name":"Mental Health Awareness of Michiana","article_modified_time":"2025-10-01T17:08:08+00:00","og_image":[{"width":2560,"height":1340,"url":"https:\/\/mhamichiana.org\/wp-content\/uploads\/2025\/09\/2025-Autumn-Summit-Responding-to-the-Times.png","type":"image\/png"}],"twitter_card":"summary_large_image","twitter_misc":{"Tiempo de lectura":"3 minutos"},"schema":{"@context":"https:\/\/schema.org","@graph":[{"@type":"WebPage","@id":"https:\/\/mhamichiana.org\/event\/mham-2025-fall-summit\/","url":"https:\/\/mhamichiana.org\/event\/mham-2025-fall-summit\/","name":"Cumbre de oto\u00f1o de MHAM 2025 - Concientizaci\u00f3n sobre la salud mental en Michiana","isPartOf":{"@id":"https:\/\/mhamichiana.org\/#website"},"primaryImageOfPage":{"@id":"https:\/\/mhamichiana.org\/event\/mham-2025-fall-summit\/#primaryimage"},"image":{"@id":"https:\/\/mhamichiana.org\/event\/mham-2025-fall-summit\/#primaryimage"},"thumbnailUrl":"https:\/\/mhamichiana.org\/wp-content\/uploads\/2025\/09\/2025-Autumn-Summit-Responding-to-the-Times.png","datePublished":"2025-09-08T15:51:11+00:00","dateModified":"2025-10-01T17:08:08+00:00","description":"Mental Health Awareness of Michiana (MHAM) se enorgullece en anunciar su Cumbre de Oto\u00f1o de 2025: &quot;Respondiendo a los tiempos: Consideraciones sobre pol\u00edticas, financiaci\u00f3n y colaboraci\u00f3n&quot;, en colaboraci\u00f3n con la Biblioteca P\u00fablica del Condado de St. Joe y con el apoyo del patrocinador platino Oaklawn Psychiatric Center.","breadcrumb":{"@id":"https:\/\/mhamichiana.org\/event\/mham-2025-fall-summit\/#breadcrumb"},"inLanguage":"es","potentialAction":[{"@type":"ReadAction","target":["https:\/\/mhamichiana.org\/event\/mham-2025-fall-summit\/"]}]},{"@type":"ImageObject","inLanguage":"es","@id":"https:\/\/mhamichiana.org\/event\/mham-2025-fall-summit\/#primaryimage","url":"https:\/\/mhamichiana.org\/wp-content\/uploads\/2025\/09\/2025-Autumn-Summit-Responding-to-the-Times.png","contentUrl":"https:\/\/mhamichiana.org\/wp-content\/uploads\/2025\/09\/2025-Autumn-Summit-Responding-to-the-Times.png","width":2560,"height":1340,"caption":"MHAM 2025 Autumn Summit header"},{"@type":"BreadcrumbList","@id":"https:\/\/mhamichiana.org\/event\/mham-2025-fall-summit\/#breadcrumb","itemListElement":[{"@type":"ListItem","position":1,"name":"Home","item":"https:\/\/mhamichiana.org\/"},{"@type":"ListItem","position":2,"name":"Event","item":"https:\/\/mhamichiana.org\/event\/"},{"@type":"ListItem","position":3,"name":"MHAM 2025 Fall Summit"}]},{"@type":"WebSite","@id":"https:\/\/mhamichiana.org\/#website","url":"https:\/\/mhamichiana.org\/","name":"Concientizaci\u00f3n sobre la salud mental en Michiana","description":"Eliminar el estigma, fomentar la colaboraci\u00f3n y garantizar el acceso a la atenci\u00f3n m\u00e9dica.","publisher":{"@id":"https:\/\/mhamichiana.org\/#organization"},"potentialAction":[{"@type":"SearchAction","target":{"@type":"EntryPoint","urlTemplate":"https:\/\/mhamichiana.org\/?s={search_term_string}"},"query-input":{"@type":"PropertyValueSpecification","valueRequired":true,"valueName":"search_term_string"}}],"inLanguage":"es"},{"@type":"Organization","@id":"https:\/\/mhamichiana.org\/#organization","name":"Concientizaci\u00f3n sobre la salud mental en Michiana","url":"https:\/\/mhamichiana.org\/","logo":{"@type":"ImageObject","inLanguage":"es","@id":"https:\/\/mhamichiana.org\/#\/schema\/logo\/image\/","url":"https:\/\/mhamichiana.org\/wp-content\/uploads\/2024\/12\/MHAM-MHA-White-1.png","contentUrl":"https:\/\/mhamichiana.org\/wp-content\/uploads\/2024\/12\/MHAM-MHA-White-1.png","width":2560,"height":427,"caption":"Mental Health Awareness of Michiana"},"image":{"@id":"https:\/\/mhamichiana.org\/#\/schema\/logo\/image\/"}}]}},"_links":{"self":[{"href":"https:\/\/mhamichiana.org\/es\/wp-json\/wp\/v2\/event\/4495","targetHints":{"allow":["GET"]}}],"collection":[{"href":"https:\/\/mhamichiana.org\/es\/wp-json\/wp\/v2\/event"}],"about":[{"href":"https:\/\/mhamichiana.org\/es\/wp-json\/wp\/v2\/types\/event"}],"author":[{"embeddable":true,"href":"https:\/\/mhamichiana.org\/es\/wp-json\/wp\/v2\/users\/3"}],"wp:featuredmedia":[{"embeddable":true,"href":"https:\/\/mhamichiana.org\/es\/wp-json\/wp\/v2\/media\/4498"}],"wp:attachment":[{"href":"https:\/\/mhamichiana.org\/es\/wp-json\/wp\/v2\/media?parent=4495"}],"curies":[{"name":"wp","href":"https:\/\/api.w.org\/{rel}","templated":true}]}}