{"id":3842,"date":"2024-12-20T10:39:55","date_gmt":"2024-12-20T15:39:55","guid":{"rendered":"https:\/\/mhamichiana.org\/?post_type=event&#038;p=3842"},"modified":"2025-02-22T23:17:05","modified_gmt":"2025-02-23T04:17:05","slug":"mhams-journey-of-the-mind-february-art-exhibit","status":"publish","type":"event","link":"https:\/\/mhamichiana.org\/es\/event\/mhams-journey-of-the-mind-february-art-exhibit\/","title":{"rendered":"Exposici\u00f3n de arte de febrero del MHAM: &quot;Viaje de la mente&quot;"},"content":{"rendered":"<h3 class=\"cvGsUA direction-ltr align-start para-style-body\" style=\"text-align: center;\"><span class=\"OYPEnA font-feature-liga-off font-feature-clig-off font-feature-calt-off text-decoration-none text-strikethrough-none\" style=\"color: #385988;\">Mental Health Awareness of Michiana (MHAM) anuncia su exposici\u00f3n de arte inaugural:<\/span><\/h3>\n<h3 class=\"cvGsUA direction-ltr align-start para-style-body\" style=\"text-align: center;\"><span class=\"OYPEnA font-feature-liga-off font-feature-clig-off font-feature-calt-off text-decoration-none text-strikethrough-none\" style=\"color: #f95d62;\">\u2018&#039;Viaje de la mente a trav\u00e9s de la expresi\u00f3n visual art\u00edstica&#039;\u2019<\/span><\/h3>\n<p class=\"cvGsUA direction-ltr align-start para-style-body\"><span class=\"OYPEnA font-feature-liga-off font-feature-clig-off font-feature-calt-off text-decoration-none text-strikethrough-none\" style=\"color: #385988;\"><strong>Concientizaci\u00f3n sobre la salud mental en Michiana<\/strong> (MHAM) se complace en presentar su primera exposici\u00f3n de arte, <span style=\"color: #f95d62;\"><strong>\u2018&#039;Viaje de la mente a trav\u00e9s de la expresi\u00f3n visual art\u00edstica&#039;.\u2019<\/strong><\/span> en colaboraci\u00f3n con el centro de la ciudad <a href=\"https:\/\/www.myepl.org\/\"><span style=\"color: #ff9f37;\"><strong>Biblioteca P\u00fablica de Elkhart<\/strong><\/span><\/a> ubicado en 300 Second Street, funcionando <strong>Del 22 de febrero al 15 de marzo<\/strong>. Esta inspiradora muestra re\u00fane a artistas de todas las edades y niveles de habilidad de Michiana para explorar temas de salud mental, luchas mentales y recuperaci\u00f3n a trav\u00e9s del arte.<\/span><\/p>\n<p class=\"cvGsUA direction-ltr align-start para-style-body\"><span class=\"OYPEnA font-feature-liga-off font-feature-clig-off font-feature-calt-off text-decoration-none text-strikethrough-none\" style=\"color: #385988;\"><span style=\"color: #385988;\">La expresi\u00f3n creativa tiene el poder de sanar. Para muchos, la creaci\u00f3n art\u00edstica es una forma significativa de promover el autodescubrimiento, la autoexpresi\u00f3n y el cultivo de la alegr\u00eda.\u00a0<strong><span style=\"color: #f95d62;\">Viaje de la mente<\/span>\u00a0<\/strong>Es un lugar para aquellos que han encontrado sanaci\u00f3n a trav\u00e9s del arte, espec\u00edficamente en lo que respecta a la salud mental.<\/span><\/span><\/p>\n<p class=\"cvGsUA direction-ltr align-start para-style-body\"><span data-slate-fragment=\"JTVCJTdCJTIydHlwZSUyMiUzQSUyMnAlMjIlMkMlMjJjaGlsZHJlbiUyMiUzQSU1QiU3QiUyMnRleHQlMjIlM0ElMjJPdXIlMjBoZWFydHMlMjBhcmUlMjBmdWxsJTIwb2YlMjBncmF0aXR1ZGUlMjBmcm9tJTIwb3VyJTIwb3BlbmluZyUyMG5pZ2h0JTIwZm9yJTIwJ0pvdXJuZXklMjBvZiUyMHRoZSUyME1pbmQnJTIwb24lMjBTYXR1cmRheS4lMjBBcnRpc3RzJTIwYW5kJTIwYXJ0JTIwYXBwcmVjaWF0b3JzJTIwYWxpa2UlMjBmaWxsZWQlMjB0aGUlMjBldmVuaW5nJTIwYXQlMjBFbGtoYXJ0JTIwUHVibGljJTIwTGlicmFyeSUyMHdpdGglMjBjb252ZXJzYXRpb24lMjBhbmQlMjBjYW1hcmFkZXJpZSUyQyUyMGFsbCUyMGluJTIwdGhlJTIwc3Bpcml0JTIwb2YlMjAlMjNtZW50YWxoZWFsdGglMjBqb3VybmV5cy4lMjBXZSUyMHRoYW5rJTIwdGhlJTIwJTIzTWljaGlhbmElMjBjb21tdW5pdHklMjBmb3IlMjBzaG93aW5nJTIwdXAlMjBhbmQlMjBzcGVha2luZyUyMGZyZWVseSUyQyUyMGJlY2F1c2UlMjB0aGlzJTIwcmVwcmVzZW50YXRpb24lMjBtYXR0ZXJzLiUyMiU3RCU1RCU3RCU1RA==\"><span style=\"color: #385988;\">Nuestros corazones est\u00e1n llenos de gratitud por nuestra noche de apertura para <strong><span style=\"color: #f95d62;\">Viaje de la mente<\/span><\/strong> El s\u00e1bado 22 de febrero, artistas y amantes del arte compartieron un momento de conversaci\u00f3n y camarader\u00eda, todo ello en el esp\u00edritu de la salud mental. Agradecemos a la comunidad de Michiana su presencia y su libre expresi\u00f3n, pues esta representaci\u00f3n es fundamental.<\/span><\/p>\n<p><\/span><span class=\"OYPEnA font-feature-liga-off font-feature-clig-off font-feature-calt-off text-decoration-none text-strikethrough-none\" style=\"color: #385988;\">Este significativo evento se presenta en colaboraci\u00f3n con la <a href=\"https:\/\/www.myepl.org\/\"><span style=\"color: #ff9f37;\"><strong>Biblioteca P\u00fablica de Elkhart<\/strong><\/span><\/a>, Ubicado en el centro, en 300 S. Second Street. Acomp\u00e1\u00f1anos a explorar la intersecci\u00f3n entre el arte y la salud mental, creando conciencia y fomentando la conexi\u00f3n en toda nuestra comunidad de Michiana.<\/span><\/p>\n<p><span style=\"color: #385988;\">Este evento est\u00e1 generosamente patrocinado por<\/span> <a href=\"https:\/\/inspiringgood.org\/\"><span style=\"color: #ff9f37;\"><strong>Fundaci\u00f3n Comunitaria de Elkhart<\/strong><\/span><\/a> <span style=\"color: #385988;\">y<\/span> <strong><span style=\"color: #ff9f37;\"><a style=\"color: #ff9f37;\" href=\"https:\/\/www.indtrust.com\/Community.11.htm\">Gesti\u00f3n Patrimonial de Indiana Trust<\/a><\/span><\/strong>.<\/p>\n<p><img fetchpriority=\"high\" decoding=\"async\" class=\"aligncenter size-full wp-image-3918\" src=\"https:\/\/mhamichiana.org\/wp-content\/uploads\/2024\/12\/Community-Foundation-of-Elkhart-County-Indiana-Trust-Wealth-Management-art-sponsors.png\" alt=\"\" width=\"700\" height=\"300\" srcset=\"https:\/\/mhamichiana.org\/wp-content\/uploads\/2024\/12\/Community-Foundation-of-Elkhart-County-Indiana-Trust-Wealth-Management-art-sponsors.png 700w, https:\/\/mhamichiana.org\/wp-content\/uploads\/2024\/12\/Community-Foundation-of-Elkhart-County-Indiana-Trust-Wealth-Management-art-sponsors-300x129.png 300w, https:\/\/mhamichiana.org\/wp-content\/uploads\/2024\/12\/Community-Foundation-of-Elkhart-County-Indiana-Trust-Wealth-Management-art-sponsors-18x8.png 18w\" sizes=\"(max-width: 700px) 100vw, 700px\" \/><\/p>\n<h3><\/h3>\n<h3 style=\"text-align: center;\"><span style=\"color: #f95d62;\">ARTISTAS DESTACADOS<\/span><\/h3>\n<p><span style=\"color: #385988;\">Les damos la bienvenida a los artistas que hacen de esta exposici\u00f3n una parte significativa del debate sobre la salud mental en Michiana.<\/span><\/p>\n<p>&nbsp;<\/p>\n<div>\n<h4 style=\"text-align: center;\"><span style=\"color: #f95d62;\">Christopher Anderson<\/span><\/h4>\n<blockquote><p><em><span style=\"color: #385988;\">Me llamo Christopher y tengo 44 a\u00f1os. Llevo unos 22 a\u00f1os viviendo en South Bend. Crear arte es un refugio para m\u00ed y lo considero algo sagrado. El arte es terapia y una v\u00eda de escape para una parte de m\u00ed que no encuentra otra forma de expresarse. Mi camino hacia la salud mental ha estado marcado por estancias en hospitales y por intentar sobrevivir en centros de rehabilitaci\u00f3n. El arte me ha mostrado mi lado positivo y me ha brindado la oportunidad de experimentar la solidaridad. El arte era todo lo que ten\u00eda. <\/span><\/em><\/p><\/blockquote>\n<ul>\n<li><span style=\"color: #385988;\"><em>Acr\u00edlico sobre lienzo<\/em>, <span style=\"color: #ff9f37;\"><strong>Alegr\u00eda<\/strong><\/span><\/span><\/li>\n<li><span style=\"color: #385988;\"><em>Acr\u00edlico sobre lienzo<\/em>, <span style=\"color: #ff9f37;\"><strong>Un sue\u00f1o<\/strong><\/span><\/span><\/li>\n<li><span style=\"color: #385988;\"><span style=\"color: #385988;\"><em>Acr\u00edlico sobre lienzo<\/em>, <span style=\"color: #ff9f37;\"><strong>Centro del siglo<\/strong><\/span><\/span><\/span><\/li>\n<\/ul>\n<p>&nbsp;<\/p>\n<h4 style=\"text-align: center;\"><span style=\"color: #f95d62;\">Fey Ashley<\/span><\/h4>\n<blockquote><p><em><span style=\"color: #385988;\">El arte ha sido mi forma de expresi\u00f3n y sanaci\u00f3n durante 26 a\u00f1os. Crec\u00ed en orfanatos y hogares de acogida desde los 12 a\u00f1os, y el arte fue mi v\u00eda de escape; sin importar el medio, siempre encontr\u00e9 paz y consuelo al crear. Era el \u00fanico lugar donde pod\u00eda ser yo misma. Al crecer, el arte pas\u00f3 a un segundo plano debido a mi rol como madre y la necesidad de proveer para mi familia. Originalmente, llegu\u00e9 a IUSB para estudiar salud mental, pero a mediados del a\u00f1o pasado decid\u00ed que necesitaba seguir cuidando mi bienestar mental y cambi\u00e9 mi especializaci\u00f3n a arte. No por ninguna otra raz\u00f3n que no fuera la m\u00eda, sino porque comprendo la importancia de hacer lo que me da alegr\u00eda. As\u00ed es como mantengo un buen estado mental y emocional. Hasta el d\u00eda de hoy, sigo usando el arte como mi forma de sanaci\u00f3n. Cuando siento emociones dif\u00edciles de manejar, las expreso a trav\u00e9s de mi arte; es un proceso hermoso y ha sido muy terap\u00e9utico para m\u00ed.<\/span><\/em><\/p><\/blockquote>\n<ul>\n<li><span style=\"color: #385988;\"><em>Arte digital<\/em>, <span style=\"color: #ff9f37;\"><strong>Crecimiento en el dolor<\/strong><\/span><\/span><\/li>\n<li><span style=\"color: #385988;\"><em>Acr\u00edlico<\/em>, <span style=\"color: #ff9f37;\"><strong>Lo que alimentas tus pensamientos, se convierte en tu verdad.<\/strong><\/span><\/span><\/li>\n<\/ul>\n<\/div>\n<p>&nbsp;<\/p>\n<h4 style=\"text-align: center;\"><span style=\"color: #f95d62;\">Mar\u00eda Pence Bagiackas<\/span><\/h4>\n<blockquote><p><em><span style=\"color: #385988;\">En mi juventud, los dos a\u00f1os y medio que pas\u00e9 en Asia me abrieron los ojos a la importancia que ten\u00edan para m\u00ed los colores y las formas. Comprend\u00ed que mi vocaci\u00f3n era la de artista. Para m\u00ed, el arte es como una partida de ajedrez. Ahora estoy nadando.<\/span><\/em><\/p><\/blockquote>\n<ul>\n<li><span style=\"color: #385988;\"><em>Acr\u00edlico sobre lienzo<\/em>, <span style=\"color: #ff9f37;\"><strong>Encuentra tu lugar<\/strong><\/span><\/span><\/li>\n<\/ul>\n<p>&nbsp;<\/p>\n<h4 style=\"text-align: center;\"><span style=\"color: #f95d62;\">Pamela Blair<\/span><\/h4>\n<blockquote><p><em><span class=\"OYPEnA font-feature-liga-off font-feature-clig-off font-feature-calt-off text-decoration-none text-strikethrough-none\" style=\"color: #385988;\">Pam Blair es una creadora multidisciplinar cuyo trabajo tiende puentes entre los mundos del arte, el sonido y el lenguaje.<\/span><\/em><\/p><\/blockquote>\n<ul>\n<li><span style=\"color: #385988;\"><em>Acr\u00edlico sobre lienzo<\/em>, <span style=\"color: #ff9f37;\"><strong>Esquinas<\/strong><\/span><\/span><\/li>\n<\/ul>\n<p>&nbsp;<\/p>\n<div>\n<h4 style=\"text-align: center;\"><span style=\"color: #f95d62;\">Shayna Breslin<\/span><\/h4>\n<blockquote><p><em><span style=\"color: #385988;\">Soy principalmente fot\u00f3grafa y desarroll\u00e9 una enfermedad mental alrededor de los 13 a\u00f1os. Ahora tengo 50 y he usado el arte para expresarme y animarme toda mi vida. Cuando me siento mal, no salgo mucho de casa, as\u00ed que hago muchos collages para plasmar visualmente lo que siento.<\/span><\/em><\/p><\/blockquote>\n<ul>\n<li><span style=\"color: #385988;\"><em>Impresi\u00f3n fotogr\u00e1fica<\/em>, <span style=\"color: #ff9f37;\"><strong>Encontrando mi camino<\/strong><\/span><\/span><\/li>\n<li><span style=\"color: #385988;\"><em>Collage<\/em>, <span style=\"color: #ff9f37;\"><strong>Adicci\u00f3n oculta<\/strong><\/span><\/span><\/li>\n<li><span style=\"color: #385988;\"><em>Collage<\/em>, <span style=\"color: #ff9f37;\"><strong>Camino de recuperaci\u00f3n<\/strong><\/span><\/span><\/li>\n<\/ul>\n<\/div>\n<p>&nbsp;<\/p>\n<h4 style=\"text-align: center;\"><span style=\"color: #f95d62;\">Creaciones de pintura SMB<\/span><\/h4>\n<blockquote><p><em><span style=\"color: #385988;\">Stephanie Brown es una artista autodidacta que trabaja con diversas t\u00e9cnicas y que reside en Goshen. Su obra, basada en la sanaci\u00f3n y la autoexpresi\u00f3n, refleja su experiencia como superviviente de violencia dom\u00e9stica y madre neurodivergente.<\/span><\/em><\/p><\/blockquote>\n<ul>\n<li><span style=\"color: #385988;\"><em>Acr\u00edlico sobre lienzo montado en bastidor<\/em>, <span style=\"color: #ff9f37;\"><strong>Bumble sediento<\/strong><\/span><\/span><\/li>\n<li><span style=\"color: #385988;\"><em>Acr\u00edlico sobre lienzo<\/em>, <span style=\"color: #ff9f37;\"><strong>Autorretrato de control coercitivo<\/strong><\/span><\/span><\/li>\n<li><span style=\"color: #385988;\"><em>Acr\u00edlico sobre lienzo montado en bastidor<\/em>, <span style=\"color: #ff9f37;\"><strong>La disociaci\u00f3n es supervivencia.<\/strong><\/span><\/span><\/li>\n<\/ul>\n<p>&nbsp;<\/p>\n<h4 style=\"text-align: center;\"><span style=\"color: #f95d62;\">Dorothy Carter<\/span><\/h4>\n<blockquote><p><em><span style=\"color: #385988;\">Como artista multidisciplinar, encuentro inspiraci\u00f3n en la belleza de la transformaci\u00f3n. Mi trabajo a menudo incorpora materiales reciclados y reutilizados, dando nueva vida a objetos olvidados y contando nuevas historias a trav\u00e9s del arte. En su mayor\u00eda autodidacta, he explorado diversas t\u00e9cnicas y medios, dejando que la creatividad gu\u00ede mi proceso. Participar en varias exposiciones en la regi\u00f3n de Michiana me ha brindado la oportunidad de compartir mi visi\u00f3n y conectar con otras personas que aprecian lo inesperado en el arte. Una de mis mayores alegr\u00edas es crear tarjetas de felicitaci\u00f3n con pluma y tinta y acuarela: piezas peque\u00f1as pero significativas que capturan momentos de fantas\u00eda, nostalgia y expresi\u00f3n personal. Para m\u00ed, el arte es un viaje en constante evoluci\u00f3n, y siempre estoy explorando nuevas formas de combinar la imaginaci\u00f3n y la sostenibilidad en mi trabajo.<\/span><\/em><\/p><\/blockquote>\n<ul>\n<li><span style=\"color: #385988;\"><em>Acuarela, pluma y tinta<\/em>, <span style=\"color: #ff9f37;\"><strong>Los colores de la depresi\u00f3n<\/strong><\/span><\/span><\/li>\n<li><span style=\"color: #385988;\"><em>Producci\u00f3n digital<\/em>, <span style=\"color: #ff9f37;\"><strong>Se necesita la colaboraci\u00f3n de todos.<\/strong><\/span><\/span><\/li>\n<li><span style=\"color: #385988;\"><em>Producci\u00f3n digital<\/em>, <span style=\"color: #ff9f37;\"><strong>Ayuda y sanaci\u00f3n<\/strong><\/span><\/span><\/li>\n<\/ul>\n<p>&nbsp;<\/p>\n<h4 style=\"text-align: center;\"><span style=\"color: #f95d62;\">Elyse Chudzynski<\/span><\/h4>\n<blockquote><p><em><span style=\"color: #385988;\">Crear arte siempre ha sido para m\u00ed un espacio para conectar conmigo misma. Es un lugar donde puedo perder el tiempo y encontrar significado. Esta actividad gozosa se convirti\u00f3 en una necesidad en el oto\u00f1o de 2016, cuando me encontr\u00e9 en una encrucijada, tanto personal como profesional. Cuando mi mundo se volvi\u00f3 demasiado dif\u00edcil de comprender, recurr\u00ed a algo peque\u00f1o y simple que pod\u00eda controlar: la l\u00ednea, la forma y el color. Los elementos del dise\u00f1o que ense\u00f1aba en mi clase de arte se convirtieron en mi refugio meditativo. Luego, mientras buscaba ayuda, desarrollaba herramientas y encontraba mi fuerza, llev\u00e9 mi arte conmigo. Cuando decid\u00ed dejar la docencia y convertirme en consejera de salud mental, no hab\u00eda duda de que crear arte formar\u00eda parte de mi pr\u00e1ctica. Hoy, el arte sigue siendo una herramienta invaluable para m\u00ed, pero tambi\u00e9n es una que ofrezco a mis clientes mientras encuentran su propio significado. Elyse Chudzynski, LMHCA, es terapeuta en Psych Pointe y voluntaria de MHAM.<\/span><\/em><\/p><\/blockquote>\n<ul>\n<li><span style=\"color: #385988;\"><em>Acr\u00edlico sobre papel<\/em>, <span style=\"color: #ff9f37;\"><strong>Mant\u00e9ngalo simple<\/strong><\/span><\/span><\/li>\n<\/ul>\n<p>&nbsp;<\/p>\n<h4 style=\"text-align: center;\"><span style=\"color: #f95d62;\">Mateo G\u00e1ldamez<\/span><\/h4>\n<blockquote><p><span style=\"color: #385988;\"><em>Soy Mateo Galdamez, estudiante de bellas artes en la Universidad de Indiana South Bend, donde estudio dise\u00f1o gr\u00e1fico y tengo una subespecializaci\u00f3n en dibujo y pintura. Como estudiante de dise\u00f1o gr\u00e1fico, utilizo software como Adobe Illustrator, Photoshop e InDesign para crear mi trabajo digital. Me divierto creando proyectos digitales tanto dentro como fuera de clase. Sin embargo, el hecho de que disfrute del mundo del arte digital no significa que haya olvidado mi aprecio por otros medios como el l\u00e1piz y la pintura. Mi especialidad se centra principalmente en la representaci\u00f3n de dinosaurios. De ni\u00f1o, vi varias pel\u00edculas y programas con dinosaurios, ya que me sent\u00ed inmerso en c\u00f3mo estos animales eran parte de la realidad, aunque poco se sabe de ellos. <\/em><\/span><span style=\"color: #385988;\"><em>Los conozco desde hace mucho tiempo. En la preparatoria, hac\u00eda bocetos de diversos animales prehist\u00f3ricos bas\u00e1ndome en libros que ten\u00eda a mi disposici\u00f3n para expresar mi amor por la prehistoria. Por eso centro mi arte en estas criaturas, ya que despiertan mucha creatividad. No estar\u00eda aqu\u00ed si me hubiera aferrado a tiempos m\u00e1s sencillos y los hubiera usado como un simple alivio para el estr\u00e9s y una perspectiva para mi futuro. Para m\u00ed, mi infancia gir\u00f3 en torno a los dinosaurios; mi vida ahora gira en torno al arte, que me brinda felicidad.<\/em><\/span><\/p><\/blockquote>\n<ul>\n<li><span style=\"color: #385988;\"><em>Adobe Photoshop<\/em>, <span style=\"color: #ff9f37;\"><strong>La lucha de Dromeo<\/strong><\/span><\/span><\/li>\n<\/ul>\n<p>&nbsp;<\/p>\n<h4 style=\"text-align: center;\"><span style=\"color: #f95d62;\">Megan Gettinger<\/span><\/h4>\n<blockquote><p><em><span style=\"color: #385988;\">Megan Gettinger es esposa y madre de cinco hijos, y crea arte en su casa en South Bend, Indiana. Utiliza diversos medios, como acuarela, acr\u00edlico, rotulador, l\u00e1piz de color y cray\u00f3n. Gran parte de su obra incorpora elementos de la naturaleza, como plantas y flores. Recientemente, ha creado piezas abstractas que reflexionan sobre diversos temas, como la belleza de los planetas y la experiencia del amor y la pertenencia. A Megan le encanta explorar c\u00f3mo el arte puede ser un reflejo externo de los diferentes estados emocionales. Para ella, el arte representa un espacio donde puede encontrar libertad, alegr\u00eda, paz y asombro en medio de la rutina diaria. Megan cree que el arte es una invitaci\u00f3n, tanto para el artista como para el espectador, a bajar el ritmo y dar rienda suelta a su imaginaci\u00f3n, algo muy necesario en nuestro mundo cada vez m\u00e1s acelerado.<\/span><\/em><\/p><\/blockquote>\n<ul>\n<li><span style=\"color: #385988;\"><span class=\"OYPEnA font-feature-liga-off font-feature-clig-off font-feature-calt-off text-decoration-none text-strikethrough-none\"><em>Acr\u00edlico + cray\u00f3n sobre papel de acuarela<\/em><\/span>, <span style=\"color: #ff9f37;\"><strong>Amado<\/strong><\/span><\/span><\/li>\n<\/ul>\n<p>&nbsp;<\/p>\n<h4 style=\"text-align: center;\"><span style=\"color: #f95d62;\">Jess H*<\/span><\/h4>\n<blockquote><p><span style=\"color: #385988;\"><em>Soy una artista autodidacta con un historial importante de problemas de salud mental. Comenc\u00e9 a pintar con los dedos hace dos a\u00f1os para expresar emociones confusas. Crear arte me ayud\u00f3 a comprenderlas y a sanar.<\/em><\/span><\/p><\/blockquote>\n<ul>\n<li><span style=\"color: #385988;\"><em>T\u00e9cnica mixta, acr\u00edlico sobre lienzo.<\/em>, <span style=\"color: #ff9f37;\"><strong>988<\/strong><\/span><\/span><\/li>\n<li><span style=\"color: #385988;\"><em>T\u00e9cnica mixta acr\u00edlica con luces<\/em>, <span style=\"color: #ff9f37;\"><strong>El efecto mariposa<\/strong><\/span><\/span><\/li>\n<li><span style=\"color: #385988;\"><em>T\u00e9cnica mixta acr\u00edlica<\/em>, <span style=\"color: #ff9f37;\"><strong>Demasiado amor para odiar<\/strong><\/span><\/span><\/li>\n<\/ul>\n<p>&nbsp;<\/p>\n<h4 style=\"text-align: center;\"><span style=\"color: #f95d62;\">mlheck<\/span><\/h4>\n<blockquote><p><span style=\"color: #385988;\"><em>Crear unidad y armon\u00eda a partir de objetos encontrados al azar es una forma de procesar la carrera profesional, la familia, la salud y el estr\u00e9s (por ejemplo, lesiones, cirug\u00edas, divorcios u otros duelos), invitando a otros a reflexionar sobre sus propias experiencias.<\/em><\/span><\/p><\/blockquote>\n<ul>\n<li><span style=\"color: #385988;\"><span style=\"color: #385988;\"><em>objetos encontrados<\/em>, <span style=\"color: #ff9f37;\"><strong>FO<span style=\"color: #ff9f37;\">CUS<\/span>\u00a1Visi\u00f3n general vs. visi\u00f3n parcial, no pienses en voz alta, controla el impulso de hablar y la danza del TDAH entre el pensamiento divergente y convergente!<\/strong><\/span><\/span><\/span><\/li>\n<li><span style=\"color: #385988;\"><em>objetos encontrados<\/em>,<\/span> <span style=\"color: #ff9f37;\"><strong>Los pecados de nuestros antepasados:<\/strong> <strong>La inestabilidad del trauma generacional<\/strong><\/span><\/li>\n<li><span style=\"color: #385988;\"><em>objetos encontrados<\/em>,<\/span>\u00a0<span style=\"color: #ff9f37;\"><b>Gimnasia mental, entrenamiento y levantamiento de pesas: \u00a1Sal de tu cabeza!<\/b><\/span><\/li>\n<\/ul>\n<p>&nbsp;<\/p>\n<h4 style=\"text-align: center;\"><span style=\"color: #f95d62;\">Leigha Jones<\/span><\/h4>\n<blockquote><p><em><span class=\"OYPEnA font-feature-liga-off font-feature-clig-off font-feature-calt-off text-decoration-none text-strikethrough-none\" style=\"color: #385988;\">Leigha Jones, de 23 a\u00f1os, se gradu\u00f3 recientemente de la Universidad de Indiana South Bend con especializaciones en Dise\u00f1o Gr\u00e1fico y Pintura\/Dibujo. Disfruta experimentando con el color y la iluminaci\u00f3n en su arte, as\u00ed como explorando nuevos medios. Su objetivo es expresar conceptos profundos de forma audaz. Leigha planea obtener una maestr\u00eda en Bellas Artes y dedicarse a la docencia universitaria. Mientras tanto, explora la escena art\u00edstica local y busca su lugar como artista en el siglo XXI.<\/span><\/em><\/p><\/blockquote>\n<ul>\n<li><span style=\"color: #385988;\"><em>Collage digital<\/em>, <span style=\"color: #ff9f37;\"><strong>Embrionario<\/strong><\/span><\/span><\/li>\n<li><span style=\"color: #385988;\"><em>Collage digital<\/em>, <span style=\"color: #ff9f37;\"><strong>Dos alas izquierdas<\/strong><\/span><\/span><\/li>\n<li><span style=\"color: #385988;\"><em>Collage digital<\/em>, <span style=\"color: #ff9f37;\"><strong>Perfeccionismo<\/strong><\/span><\/span><\/li>\n<\/ul>\n<p>&nbsp;<\/p>\n<h4 style=\"text-align: center;\"><span style=\"color: #f95d62;\">Beth Kane<\/span><\/h4>\n<blockquote><p><span style=\"color: #385988;\">\u00bfMi arte? Nace de mi coraz\u00f3n. La mayor parte de mi trabajo est\u00e1 conectado con la visi\u00f3n, el sentimiento y la experiencia. Fragmentos de m\u00ed y de otros pueden quedar plasmados en el lienzo. Mi inspiraci\u00f3n, muchas veces, proviene de mi trabajo en servicios sociales con v\u00edctimas y supervivientes de delitos, as\u00ed como con quienes luchan contra las adicciones y las enfermedades mentales; a veces dolor y lucha, a veces belleza y a veces crudeza, a veces \u00e9xito y empoderamiento, a veces la relaci\u00f3n con uno mismo y con los dem\u00e1s, a veces sue\u00f1os y anhelos, a veces fantas\u00eda. Utilizo el arte en mi trabajo con supervivientes y conozco el poder curativo de las terapias expresivas. No aspiro a la perfecci\u00f3n ni al fotorrealismo porque en esta vida todos somos imperfectos. Nuestra visi\u00f3n del mundo es \u00fanica y solo nuestra. Si tuviera que elegir un estilo, dir\u00eda realismo contempor\u00e1neo, un poco fragmentado, un poco cubista. Recientemente he a\u00f1adido la pintura al aire libre a mi repertorio y puede que me veas en un campo con mi caballete, disfrutando de la belleza de la naturaleza. Encuentro belleza y valor en muchos estilos. Puedo planificar la pintura, el estilo, la t\u00e9cnica y el destino, pero a menudo mi pincel me lleva en una direcci\u00f3n nueva y diferente. Es posible que encuentres algo de ti mismo en mi arte. \u00a1Esa es la alegr\u00eda y la maravilla de crear! Trabajo con una variedad de t\u00e9cnicas, incluyendo acuarela, acr\u00edlico, t\u00e9cnicas mixtas, punta de plata, arte con llama, grafito, carboncillo y tinta.<\/span><\/p><\/blockquote>\n<ul>\n<li><span style=\"color: #385988;\"><em>Acr\u00edlico sobre lienzo<\/em>, <span style=\"color: #ff9f37;\"><strong>Mira a trav\u00e9s de cualquier ventana<\/strong><\/span><\/span><\/li>\n<\/ul>\n<p>&nbsp;<\/p>\n<h4 style=\"text-align: center;\"><span style=\"color: #f95d62;\">Elizabeth Kuntz<\/span><\/h4>\n<blockquote><p><span style=\"color: #385988;\"><em>Soy artista pl\u00e1stica intuitiva e instructora de Tai Chi y Qigong. El arte ha sido mi gu\u00eda en mi camino de sanaci\u00f3n y autodescubrimiento, ayud\u00e1ndome a encontrar fortaleza espiritual y paz interior. www.kuntzstudio.com<\/em><\/span><\/p><\/blockquote>\n<ul>\n<li><span style=\"color: #385988;\"><em>Pastel sobre papel<\/em>, <span style=\"color: #ff9f37;\"><strong>Encontrar la armon\u00eda<\/strong><\/span><\/span><\/li>\n<li><span style=\"color: #385988;\"><em>Pastel sobre papel<\/em>, <span style=\"color: #ff9f37;\"><strong>Aprendiendo<\/strong><\/span><\/span><\/li>\n<li><span style=\"color: #385988;\"><em>Pastel sobre papel<\/em>, <span style=\"color: #ff9f37;\"><strong>Desierto del coraz\u00f3n<\/strong><\/span><\/span><\/li>\n<\/ul>\n<p>&nbsp;<\/p>\n<h4 style=\"text-align: center;\"><span style=\"color: #f95d62;\">Kathleen Petitjean<\/span><\/h4>\n<blockquote><p><span style=\"color: #385988;\"><em>Mi camino ha sido de sanaci\u00f3n espiritual, mental y f\u00edsica, \u00a1y mis obras de arte son testimonio de este camino!<\/em><\/span><\/p><\/blockquote>\n<ul>\n<li><span style=\"color: #385988;\"><em>Carboncillo sobre papel<\/em>, <span style=\"color: #ff9f37;\"><strong>Jes\u00fas y el Cordero<\/strong><\/span><\/span><\/li>\n<li><span style=\"color: #385988;\"><em>Arcilla de gres reciclada con ba\u00f1o de \u00f3xido de hierro<\/em>, <span style=\"color: #ff9f37;\"><strong>Olvidar lo que hay detr\u00e1s<\/strong><\/span><\/span><\/li>\n<li><span style=\"color: #385988;\"><em>Pluma y tinta<\/em>, <span style=\"color: #ff9f37;\"><strong>Frutos del Esp\u00edritu<\/strong><\/span><\/span><\/li>\n<\/ul>\n<p>&nbsp;<\/p>\n<h4 style=\"text-align: center;\"><span style=\"color: #f95d62;\">Jennifer Sweazy<\/span><\/h4>\n<blockquote><p><em><span style=\"color: #385988;\">Quise ser profesora de arte desde cuarto grado. Mi profesora, la Sra. Jirreh, fue fundamental en mi desarrollo. Ella utiliz\u00f3 el arte como punto de partida para muchas interacciones que me ayudaron a crecer durante algunos de mis a\u00f1os m\u00e1s formativos. Ense\u00f1\u00e9 arte durante 17 a\u00f1os y fui testigo del poder que el proceso creativo puede tener en las personas, especialmente en los ni\u00f1os. Dej\u00e9 el aula y me incorpor\u00e9 al equipo de Bienestar Emocional del Boys &amp; Girls Club. Al explorar diversas maneras de impartir programas de aprendizaje socioemocional a nuestros ni\u00f1os, la integraci\u00f3n del arte se mantuvo constante. Ahora estoy cursando una maestr\u00eda en Salud Mental Cl\u00ednica con la esperanza de unir mis dos mundos.<\/span><\/em><\/p><\/blockquote>\n<ul>\n<li><span style=\"color: #385988;\"><em>Acr\u00edlico sobre lienzo<\/em>, <span style=\"color: #ff9f37;\"><strong>Endereza tu corona<\/strong><\/span><\/span><\/li>\n<\/ul>\n<p>&nbsp;<\/p>\n<hr \/>\n<p>&nbsp;<\/p>\n<h3 style=\"text-align: center;\"><span style=\"color: #385988;\"><b>Para obtener m\u00e1s informaci\u00f3n sobre el Proyecto de Asesoramiento Pro Bono, haga clic aqu\u00ed.<\/b>\u00a0<span style=\"color: #ff9f37;\"><a style=\"color: #ff9f37;\" href=\"https:\/\/mhamichiana.org\/es\/pro-bono-counseling-project\/\"><b>AQU\u00cd<\/b><\/a><\/span><b>!<\/b><\/span><\/h3>\n<p style=\"text-align: center;\"><span style=\"color: #385988;\"><i>\u00bfTe interesan las oportunidades de voluntariado? Env\u00edanos un correo electr\u00f3nico:<\/i><\/span><\/p>\n<h4 style=\"text-align: center;\"><span style=\"color: #f95d62;\"><b><i>info@mhamichiana.org<\/i><\/b><\/span><\/h4>\n<p style=\"text-align: center;\"><span style=\"color: #385988;\"><i>\u2192 Para hacer una donaci\u00f3n econ\u00f3mica para apoyar a MHAM, visite:<\/i><\/span><\/p>\n<h4 style=\"text-align: center;\"><em><span style=\"color: #ff9f37;\"><a style=\"color: #ff9f37;\" href=\"https:\/\/mhamichiana.org\/es\/donate\/\">Donar<\/a><\/span><\/em><\/h4>\n<p><img decoding=\"async\" class=\"aligncenter size-large wp-image-3893\" src=\"https:\/\/mhamichiana.org\/wp-content\/uploads\/2025\/02\/Newsletter-Footer-February-2025-1024x492.png\" alt=\"MHAM Donor List\" width=\"800\" height=\"384\" srcset=\"https:\/\/mhamichiana.org\/wp-content\/uploads\/2025\/02\/Newsletter-Footer-February-2025-1024x492.png 1024w, https:\/\/mhamichiana.org\/wp-content\/uploads\/2025\/02\/Newsletter-Footer-February-2025-300x144.png 300w, https:\/\/mhamichiana.org\/wp-content\/uploads\/2025\/02\/Newsletter-Footer-February-2025-768x369.png 768w, https:\/\/mhamichiana.org\/wp-content\/uploads\/2025\/02\/Newsletter-Footer-February-2025-1536x737.png 1536w, https:\/\/mhamichiana.org\/wp-content\/uploads\/2025\/02\/Newsletter-Footer-February-2025-2048x983.png 2048w, https:\/\/mhamichiana.org\/wp-content\/uploads\/2025\/02\/Newsletter-Footer-February-2025-18x9.png 18w\" sizes=\"(max-width: 800px) 100vw, 800px\" \/><\/p>","protected":false},"excerpt":{"rendered":"<p>Mental Health Awareness of Michiana (MHAM) Announces Inaugural Art Exhibit: \u2018Journey of the Mind through Artistic Visual Expression\u2019 Mental Health Awareness of Michiana (MHAM) is excited to present its first-ever art exhibit, \u2018Journey of the Mind through Artistic Visual Expression,\u2019 in partnership with the downtown Elkhart Public Library located at 300 Second Street, running Feb. [&hellip;]<\/p>\n","protected":false},"author":3,"featured_media":3858,"template":"","class_list":["post-3842","event","type-event","status-publish","has-post-thumbnail","hentry"],"yoast_head":"<!-- This site is optimized with the Yoast SEO plugin v27.4 - https:\/\/yoast.com\/product\/yoast-seo-wordpress\/ -->\n<title>MHAM&#039;s &#039;Journey of the Mind&#039; February Art Exhibit - Mental Health Awareness of Michiana<\/title>\n<meta name=\"description\" content=\"This inaugural Journey of the Mind through Visual Artistic Expression (aka Journey of the Mind) exhibit facilitates connection through the healing power of art. Beginning February 22, 2025 at Elkhart County Public Library\u2019s main branch, this event features local artists of all ages, skills, and backgrounds who use the creative process as a tool for mental and emotional well being.\" \/>\n<meta name=\"robots\" content=\"index, follow, max-snippet:-1, max-image-preview:large, max-video-preview:-1\" \/>\n<link rel=\"canonical\" href=\"https:\/\/mhamichiana.org\/es\/event\/mhams-journey-of-the-mind-february-art-exhibit\/\" \/>\n<meta property=\"og:locale\" content=\"es_MX\" \/>\n<meta property=\"og:type\" content=\"article\" \/>\n<meta property=\"og:title\" content=\"MHAM&#039;s &#039;Journey of the Mind&#039; February Art Exhibit - Mental Health Awareness of Michiana\" \/>\n<meta property=\"og:description\" content=\"This inaugural Journey of the Mind through Visual Artistic Expression (aka Journey of the Mind) exhibit facilitates connection through the healing power of art. Beginning February 22, 2025 at Elkhart County Public Library\u2019s main branch, this event features local artists of all ages, skills, and backgrounds who use the creative process as a tool for mental and emotional well being.\" \/>\n<meta property=\"og:url\" content=\"https:\/\/mhamichiana.org\/es\/event\/mhams-journey-of-the-mind-february-art-exhibit\/\" \/>\n<meta property=\"og:site_name\" content=\"Mental Health Awareness of Michiana\" \/>\n<meta property=\"article:modified_time\" content=\"2025-02-23T04:17:05+00:00\" \/>\n<meta property=\"og:image\" content=\"https:\/\/mhamichiana.org\/wp-content\/uploads\/2024\/12\/MHAM-Journey-of-the-Mind-FB-Event-Page-header.png\" \/>\n\t<meta property=\"og:image:width\" content=\"1920\" \/>\n\t<meta property=\"og:image:height\" content=\"1005\" \/>\n\t<meta property=\"og:image:type\" content=\"image\/png\" \/>\n<meta name=\"twitter:card\" content=\"summary_large_image\" \/>\n<meta name=\"twitter:label1\" content=\"Tiempo de lectura\" \/>\n\t<meta name=\"twitter:data1\" content=\"4 minutos\" \/>\n<script type=\"application\/ld+json\" class=\"yoast-schema-graph\">{\"@context\":\"https:\\\/\\\/schema.org\",\"@graph\":[{\"@type\":\"WebPage\",\"@id\":\"https:\\\/\\\/mhamichiana.org\\\/event\\\/mhams-journey-of-the-mind-february-art-exhibit\\\/\",\"url\":\"https:\\\/\\\/mhamichiana.org\\\/event\\\/mhams-journey-of-the-mind-february-art-exhibit\\\/\",\"name\":\"MHAM's 'Journey of the Mind' February Art Exhibit - Mental Health Awareness of Michiana\",\"isPartOf\":{\"@id\":\"https:\\\/\\\/mhamichiana.org\\\/#website\"},\"primaryImageOfPage\":{\"@id\":\"https:\\\/\\\/mhamichiana.org\\\/event\\\/mhams-journey-of-the-mind-february-art-exhibit\\\/#primaryimage\"},\"image\":{\"@id\":\"https:\\\/\\\/mhamichiana.org\\\/event\\\/mhams-journey-of-the-mind-february-art-exhibit\\\/#primaryimage\"},\"thumbnailUrl\":\"https:\\\/\\\/mhamichiana.org\\\/wp-content\\\/uploads\\\/2024\\\/12\\\/MHAM-Journey-of-the-Mind-FB-Event-Page-header.png\",\"datePublished\":\"2024-12-20T15:39:55+00:00\",\"dateModified\":\"2025-02-23T04:17:05+00:00\",\"description\":\"This inaugural Journey of the Mind through Visual Artistic Expression (aka Journey of the Mind) exhibit facilitates connection through the healing power of art. Beginning February 22, 2025 at Elkhart County Public Library\u2019s main branch, this event features local artists of all ages, skills, and backgrounds who use the creative process as a tool for mental and emotional well being.\",\"breadcrumb\":{\"@id\":\"https:\\\/\\\/mhamichiana.org\\\/event\\\/mhams-journey-of-the-mind-february-art-exhibit\\\/#breadcrumb\"},\"inLanguage\":\"es\",\"potentialAction\":[{\"@type\":\"ReadAction\",\"target\":[\"https:\\\/\\\/mhamichiana.org\\\/event\\\/mhams-journey-of-the-mind-february-art-exhibit\\\/\"]}]},{\"@type\":\"ImageObject\",\"inLanguage\":\"es\",\"@id\":\"https:\\\/\\\/mhamichiana.org\\\/event\\\/mhams-journey-of-the-mind-february-art-exhibit\\\/#primaryimage\",\"url\":\"https:\\\/\\\/mhamichiana.org\\\/wp-content\\\/uploads\\\/2024\\\/12\\\/MHAM-Journey-of-the-Mind-FB-Event-Page-header.png\",\"contentUrl\":\"https:\\\/\\\/mhamichiana.org\\\/wp-content\\\/uploads\\\/2024\\\/12\\\/MHAM-Journey-of-the-Mind-FB-Event-Page-header.png\",\"width\":1920,\"height\":1005,\"caption\":\"MHAM Art Exhibit\"},{\"@type\":\"BreadcrumbList\",\"@id\":\"https:\\\/\\\/mhamichiana.org\\\/event\\\/mhams-journey-of-the-mind-february-art-exhibit\\\/#breadcrumb\",\"itemListElement\":[{\"@type\":\"ListItem\",\"position\":1,\"name\":\"Home\",\"item\":\"https:\\\/\\\/mhamichiana.org\\\/\"},{\"@type\":\"ListItem\",\"position\":2,\"name\":\"Event\",\"item\":\"https:\\\/\\\/mhamichiana.org\\\/event\\\/\"},{\"@type\":\"ListItem\",\"position\":3,\"name\":\"MHAM&#8217;s &#8216;Journey of the Mind&#8217; February Art Exhibit\"}]},{\"@type\":\"WebSite\",\"@id\":\"https:\\\/\\\/mhamichiana.org\\\/#website\",\"url\":\"https:\\\/\\\/mhamichiana.org\\\/\",\"name\":\"Mental Health Awareness of Michiana\",\"description\":\"Eliminate Stigma, Build Collaboration, Ensure Access to Care\",\"publisher\":{\"@id\":\"https:\\\/\\\/mhamichiana.org\\\/#organization\"},\"potentialAction\":[{\"@type\":\"SearchAction\",\"target\":{\"@type\":\"EntryPoint\",\"urlTemplate\":\"https:\\\/\\\/mhamichiana.org\\\/?s={search_term_string}\"},\"query-input\":{\"@type\":\"PropertyValueSpecification\",\"valueRequired\":true,\"valueName\":\"search_term_string\"}}],\"inLanguage\":\"es\"},{\"@type\":\"Organization\",\"@id\":\"https:\\\/\\\/mhamichiana.org\\\/#organization\",\"name\":\"Mental Health Awareness of Michiana\",\"url\":\"https:\\\/\\\/mhamichiana.org\\\/\",\"logo\":{\"@type\":\"ImageObject\",\"inLanguage\":\"es\",\"@id\":\"https:\\\/\\\/mhamichiana.org\\\/#\\\/schema\\\/logo\\\/image\\\/\",\"url\":\"https:\\\/\\\/mhamichiana.org\\\/wp-content\\\/uploads\\\/2024\\\/12\\\/MHAM-MHA-White-1.png\",\"contentUrl\":\"https:\\\/\\\/mhamichiana.org\\\/wp-content\\\/uploads\\\/2024\\\/12\\\/MHAM-MHA-White-1.png\",\"width\":2560,\"height\":427,\"caption\":\"Mental Health Awareness of Michiana\"},\"image\":{\"@id\":\"https:\\\/\\\/mhamichiana.org\\\/#\\\/schema\\\/logo\\\/image\\\/\"}}]}<\/script>\n<!-- \/ Yoast SEO plugin. -->","yoast_head_json":{"title":"Exposici\u00f3n de arte de febrero de MHAM: &quot;Viaje de la mente&quot; - Concientizaci\u00f3n sobre la salud mental en Michiana","description":"Esta exposici\u00f3n inaugural, \u00abViaje de la Mente a trav\u00e9s de la Expresi\u00f3n Art\u00edstica Visual\u00bb (tambi\u00e9n conocida como \u00abViaje de la Mente\u00bb), facilita la conexi\u00f3n mediante el poder sanador del arte. A partir del 22 de febrero de 2025, en la biblioteca principal del condado de Elkhart, este evento presenta a artistas locales de todas las edades, habilidades y procedencias que utilizan el proceso creativo como herramienta para el bienestar mental y emocional.","robots":{"index":"index","follow":"follow","max-snippet":"max-snippet:-1","max-image-preview":"max-image-preview:large","max-video-preview":"max-video-preview:-1"},"canonical":"https:\/\/mhamichiana.org\/es\/event\/mhams-journey-of-the-mind-february-art-exhibit\/","og_locale":"es_MX","og_type":"article","og_title":"MHAM's 'Journey of the Mind' February Art Exhibit - Mental Health Awareness of Michiana","og_description":"This inaugural Journey of the Mind through Visual Artistic Expression (aka Journey of the Mind) exhibit facilitates connection through the healing power of art. Beginning February 22, 2025 at Elkhart County Public Library\u2019s main branch, this event features local artists of all ages, skills, and backgrounds who use the creative process as a tool for mental and emotional well being.","og_url":"https:\/\/mhamichiana.org\/es\/event\/mhams-journey-of-the-mind-february-art-exhibit\/","og_site_name":"Mental Health Awareness of Michiana","article_modified_time":"2025-02-23T04:17:05+00:00","og_image":[{"width":1920,"height":1005,"url":"https:\/\/mhamichiana.org\/wp-content\/uploads\/2024\/12\/MHAM-Journey-of-the-Mind-FB-Event-Page-header.png","type":"image\/png"}],"twitter_card":"summary_large_image","twitter_misc":{"Tiempo de lectura":"4 minutos"},"schema":{"@context":"https:\/\/schema.org","@graph":[{"@type":"WebPage","@id":"https:\/\/mhamichiana.org\/event\/mhams-journey-of-the-mind-february-art-exhibit\/","url":"https:\/\/mhamichiana.org\/event\/mhams-journey-of-the-mind-february-art-exhibit\/","name":"Exposici\u00f3n de arte de febrero de MHAM: &quot;Viaje de la mente&quot; - Concientizaci\u00f3n sobre la salud mental en Michiana","isPartOf":{"@id":"https:\/\/mhamichiana.org\/#website"},"primaryImageOfPage":{"@id":"https:\/\/mhamichiana.org\/event\/mhams-journey-of-the-mind-february-art-exhibit\/#primaryimage"},"image":{"@id":"https:\/\/mhamichiana.org\/event\/mhams-journey-of-the-mind-february-art-exhibit\/#primaryimage"},"thumbnailUrl":"https:\/\/mhamichiana.org\/wp-content\/uploads\/2024\/12\/MHAM-Journey-of-the-Mind-FB-Event-Page-header.png","datePublished":"2024-12-20T15:39:55+00:00","dateModified":"2025-02-23T04:17:05+00:00","description":"Esta exposici\u00f3n inaugural, \u00abViaje de la Mente a trav\u00e9s de la Expresi\u00f3n Art\u00edstica Visual\u00bb (tambi\u00e9n conocida como \u00abViaje de la Mente\u00bb), facilita la conexi\u00f3n mediante el poder sanador del arte. A partir del 22 de febrero de 2025, en la biblioteca principal del condado de Elkhart, este evento presenta a artistas locales de todas las edades, habilidades y procedencias que utilizan el proceso creativo como herramienta para el bienestar mental y emocional.","breadcrumb":{"@id":"https:\/\/mhamichiana.org\/event\/mhams-journey-of-the-mind-february-art-exhibit\/#breadcrumb"},"inLanguage":"es","potentialAction":[{"@type":"ReadAction","target":["https:\/\/mhamichiana.org\/event\/mhams-journey-of-the-mind-february-art-exhibit\/"]}]},{"@type":"ImageObject","inLanguage":"es","@id":"https:\/\/mhamichiana.org\/event\/mhams-journey-of-the-mind-february-art-exhibit\/#primaryimage","url":"https:\/\/mhamichiana.org\/wp-content\/uploads\/2024\/12\/MHAM-Journey-of-the-Mind-FB-Event-Page-header.png","contentUrl":"https:\/\/mhamichiana.org\/wp-content\/uploads\/2024\/12\/MHAM-Journey-of-the-Mind-FB-Event-Page-header.png","width":1920,"height":1005,"caption":"MHAM Art Exhibit"},{"@type":"BreadcrumbList","@id":"https:\/\/mhamichiana.org\/event\/mhams-journey-of-the-mind-february-art-exhibit\/#breadcrumb","itemListElement":[{"@type":"ListItem","position":1,"name":"Home","item":"https:\/\/mhamichiana.org\/"},{"@type":"ListItem","position":2,"name":"Event","item":"https:\/\/mhamichiana.org\/event\/"},{"@type":"ListItem","position":3,"name":"MHAM&#8217;s &#8216;Journey of the Mind&#8217; February Art Exhibit"}]},{"@type":"WebSite","@id":"https:\/\/mhamichiana.org\/#website","url":"https:\/\/mhamichiana.org\/","name":"Concientizaci\u00f3n sobre la salud mental en Michiana","description":"Eliminar el estigma, fomentar la colaboraci\u00f3n y garantizar el acceso a la atenci\u00f3n m\u00e9dica.","publisher":{"@id":"https:\/\/mhamichiana.org\/#organization"},"potentialAction":[{"@type":"SearchAction","target":{"@type":"EntryPoint","urlTemplate":"https:\/\/mhamichiana.org\/?s={search_term_string}"},"query-input":{"@type":"PropertyValueSpecification","valueRequired":true,"valueName":"search_term_string"}}],"inLanguage":"es"},{"@type":"Organization","@id":"https:\/\/mhamichiana.org\/#organization","name":"Concientizaci\u00f3n sobre la salud mental en Michiana","url":"https:\/\/mhamichiana.org\/","logo":{"@type":"ImageObject","inLanguage":"es","@id":"https:\/\/mhamichiana.org\/#\/schema\/logo\/image\/","url":"https:\/\/mhamichiana.org\/wp-content\/uploads\/2024\/12\/MHAM-MHA-White-1.png","contentUrl":"https:\/\/mhamichiana.org\/wp-content\/uploads\/2024\/12\/MHAM-MHA-White-1.png","width":2560,"height":427,"caption":"Mental Health Awareness of Michiana"},"image":{"@id":"https:\/\/mhamichiana.org\/#\/schema\/logo\/image\/"}}]}},"_links":{"self":[{"href":"https:\/\/mhamichiana.org\/es\/wp-json\/wp\/v2\/event\/3842","targetHints":{"allow":["GET"]}}],"collection":[{"href":"https:\/\/mhamichiana.org\/es\/wp-json\/wp\/v2\/event"}],"about":[{"href":"https:\/\/mhamichiana.org\/es\/wp-json\/wp\/v2\/types\/event"}],"author":[{"embeddable":true,"href":"https:\/\/mhamichiana.org\/es\/wp-json\/wp\/v2\/users\/3"}],"wp:featuredmedia":[{"embeddable":true,"href":"https:\/\/mhamichiana.org\/es\/wp-json\/wp\/v2\/media\/3858"}],"wp:attachment":[{"href":"https:\/\/mhamichiana.org\/es\/wp-json\/wp\/v2\/media?parent=3842"}],"curies":[{"name":"wp","href":"https:\/\/api.w.org\/{rel}","templated":true}]}}