{"id":3389,"date":"2024-03-01T02:16:17","date_gmt":"2024-03-01T02:16:17","guid":{"rendered":"https:\/\/mhamichiana.org\/?post_type=event&#038;p=3389"},"modified":"2024-03-20T04:31:47","modified_gmt":"2024-03-20T04:31:47","slug":"2024-spring-summit-at-elkhart-aquatic-fitness-center","status":"publish","type":"event","link":"https:\/\/mhamichiana.org\/es\/event\/2024-spring-summit-at-elkhart-aquatic-fitness-center\/","title":{"rendered":"\u201c\u00a1Cumbre de Primavera 2024 en el Centro Acu\u00e1tico y de Fitness de Elkhart!"},"content":{"rendered":"<h1 style=\"text-align: center;\">Cumbre de primavera de 2024<\/h1>\n<h2 class=\"cvGsUA direction-ltr align-center para-style-body\" style=\"text-align: center;\"><span class=\"OYPEnA text-decoration-none text-strikethrough-none\">Celebrando la investigaci\u00f3n, la pr\u00e1ctica y la comunidad en salud mental.<\/span><span class=\"OYPEnA text-decoration-none text-strikethrough-none\">Recursos electr\u00f3nicos para llegar a la poblaci\u00f3n inmigrante<\/span><\/h2>\n<h2 style=\"text-align: center;\">Conferencia sobre Migraci\u00f3n y Salud Mental \u2013 Primavera, 2024: Compartiendo resultados de investigaci\u00f3n, iniciativas exitosas y recursos disponibles para la poblaci\u00f3n inmigrante<\/h2>\n<p style=\"text-align: center;\">Mi\u00e9rcoles, 10 de abril de 2024<\/p>\n<p style=\"text-align: center;\">8:00 a. m. - 2:30 p. m. EST<\/p>\n<p style=\"text-align: center;\"><strong><a href=\"https:\/\/www.google.com\/maps\/dir\/\/elkhart+aquatic+center\/data=!4m6!4m5!1m1!4e2!1m2!1m1!1s0x8816c39031e0fdef:0x2d627351d53c40e0?sa=X&amp;ved=2ahUKEwjmg5CO-MaBAxXIkokEHRpqAQYQ9Rd6BAhHEAA&amp;ved=2ahUKEwjmg5CO-MaBAxXIkokEHRpqAQYQ9Rd6BAhVEAU\">Centro Acu\u00e1tico y de Fitness de Elkhart, Elkhart, Indiana\u00a0\u00a0<\/a><\/strong><\/p>\n<p style=\"text-align: center;\">200 E Jackson St, Elkhart, IN<\/p>\n<p style=\"text-align: center;\"><em>Mental Health Awareness of Michiana y Northern Indiana Hispanic Health Coalition se complacen en colaborar en este importante evento comunitario.<\/em><\/p>\n<p style=\"text-align: center;\"><em>Mental Health Awareness of Michiana junto a la Coalici\u00f3n Hispana de Salud del Norte de Indiana unieron esfuerzos pora coordinar este importante evento comunitario.<\/em><\/p>\n<p>&nbsp;<\/p>\n<p style=\"text-align: center;\"><u><strong>Descripci\u00f3n<\/strong>:<\/u>\u00a0El objetivo general de este evento es destacar las necesidades espec\u00edficas de salud mental de los inmigrantes en Michiana y describir enfoques culturalmente inclusivos que aborden las barreras para acceder a los servicios de salud mental. Celebraremos a las organizaciones e individuos cuyas iniciativas promuevan con \u00e9xito la salud mental y el bienestar.<\/p>\n<p style=\"text-align: center;\"><u>Habr\u00e1 mesas informativas para la comunidad disponibles durante todo el evento.<\/u><\/p>\n<p style=\"text-align: center;\"><u><strong>Descripci\u00f3n<\/strong>:<\/u>\u00a0El objetivo de este evento es resaltar las necesidades relacionadas con la salud mental que enfrentan los inmigrantes en Michiana. Igualmente se compartir\u00e1n estrategias para aumentar el acceso a servicios de salud mental promoviendo la sensibilidad relacionada con los aspectos culturales de esta comunidad necesitada. Reconoceremos a organizaciones e individuos cuyas iniciativas promueven con \u00e9xito la salud mental y el bienestar de los inmigrantes.<\/p>\n<p style=\"text-align: center;\"><u>Mesas de recursos comunitarios estar\u00e1n presentes en el evento.<\/u><\/p>\n<p>&nbsp;<\/p>\n<p style=\"text-align: center;\">Habr\u00e1 interpretaci\u00f3n en espa\u00f1ol en vivo disponible. \/ Habr\u00e1 interpretaci\u00f3n simult\u00e1nea ingl\u00e9s\/espa\u00f1ol disponible.<\/p>\n<p style=\"text-align: center;\"><u>Mi\u00e9rcoles, 10 de abril de 2024\/ Mi\u00e9rcoles, 10 de abril del 2024<\/u><\/p>\n<p style=\"text-align: center;\">8:00 a. m. - 2:00 p. m.<\/p>\n<p style=\"text-align: center;\">Centro Acu\u00e1tico y de Salud de Elkhart<\/p>\n<p style=\"text-align: center;\">200 E Jackson St, Elkhart, IN<\/p>\n<p style=\"text-align: center;\">***OPCI\u00d3N VIRTUAL DISPONIBLE***<\/p>\n<p style=\"text-align: center;\">***OPCI\u00d3N PARA PARTICIPAR DE MANERA VIRTUAL DISPONIBLE***<\/p>\n<p style=\"text-align: center;\"><strong>Cronograma\/\u00a0<\/strong><strong>Horario<\/strong><strong>\u00a0<\/strong><\/p>\n<p style=\"text-align: center;\"><strong>8:00 a. m. - 8:30 a. m.\u00a0<\/strong><\/p>\n<p style=\"text-align: center;\"><u>Check in, Desayuno\/ Registro, Desayuno<\/u><\/p>\n<p style=\"text-align: center;\"><strong>8:30 a. m. - 8:50 a. m.\u00a0<\/strong><\/p>\n<p style=\"text-align: center;\"><u>Premios de la Comunidad \/ Reconocimientos<\/u><\/p>\n<p style=\"text-align: center;\">Jan Marable y Yessica Gonz\u00e1lez Lawson<\/p>\n<p style=\"text-align: center;\"><strong>9:00 a. m. - 9:45 a. m.<\/strong><\/p>\n<p style=\"text-align: center;\"><u>Bienvenido\/\u00a0<\/u><u>Bienvenida<\/u>:<\/p>\n<p style=\"text-align: center;\">Lisa Kelly, Directora Ejecutiva\/ Directora Ejecutiva de MHAM y\/ y<\/p>\n<p style=\"text-align: center;\">Liliana Quintero, Executive Directora\/ Directora Ejecutiva de NIHHC<\/p>\n<p style=\"text-align: center;\"><u>Keynote\/Conferencia magistral:\u00a0<\/u><\/p>\n<p style=\"text-align: center;\">\u201cBuscando seguridad, encontrando un hogar: una historia de migraci\u00f3n\u201d\/ \u201cBuscando Seguridad, Encontrando un Hogar: Historia de un Inmigrante\u201d<\/p>\n<p style=\"text-align: center;\">Saulo Padilla, Coordinador de Educaci\u00f3n sobre Migraci\u00f3n\/ Coordinador de Educaci\u00f3n sobre Migraci\u00f3n, MCC Ministerios Nacionales de Paz y Justicia de EE. UU.<\/p>\n<p style=\"text-align: center;\"><em>Pausa\/Descanso<\/em><\/p>\n<p style=\"text-align: center;\"><strong>10:00 - 11:00<\/strong><\/p>\n<p style=\"text-align: center;\"><u>Panel 1: Investigaci\u00f3n informada por la comunidad\/ Estudios de Investigaci\u00f3n en la comunidad<\/u><\/p>\n<p style=\"text-align: center;\">\u201cConstruyendo capacidad comunitaria para mejorar los resultados de salud mental de los j\u00f3venes\u201d\/ \u201cCapacitar a La Comunidad Para Mejorar La Salud Mental de Los J\u00f3venes\u201d<\/p>\n<p style=\"text-align: center;\">Margarita Alegr\u00eda, PhD, Jefa de la Unidad de Investigaci\u00f3n de Disparidades\/ Directora de la Unidad de Investigaci\u00f3n de Disparidades, Massachusetts General Hospital, y Profesora de la Harvard Medical School\/ Hospital General de Massachusetts y Profesora de la Escuela de Medicina de Harvard<\/p>\n<p style=\"text-align: center;\">\u201cHispanic Immigrant Youth Struggling to Succeed: NIHHC&#039;s Research Study of the Bienvenido Youth Program\u201d\/ \u201cJ\u00f3venes inmigrantes hispanos que luchan por triunfar: Estudio de investigaci\u00f3n de la NIHHC sobre el programa Bienvenido para j\u00f3venes\u201d<\/p>\n<p style=\"text-align: center;\">Liliana Quintero, MSc, MBA, Directora Ejecutiva\/ Directora Ejecutiva, NIHHC<\/p>\n<p style=\"text-align: center;\"><em>Pausa\/Descanso<\/em><\/p>\n<p style=\"text-align: center;\"><strong>11:15 - 12:15<\/strong><\/p>\n<p style=\"text-align: center;\"><u>Panel 2: Perspectivas de proveedores y comunidad\/ Mesa redonda 2: Perspectivas de los proveedores y la comunidad<\/u><\/p>\n<p style=\"text-align: center;\">Jona Vitela, Terapeuta de Salud Conductual\/ Terapeuta de Salud Mental, Maple City Health Care Center\/ Centro de Salud Maple City<\/p>\n<p style=\"text-align: center;\">\u00a0Mayra Garc\u00eda. Trabajadora de Salud Comunitaria\/ Trabajadora Comunitaria de Salud, Heart City Health<\/p>\n<p style=\"text-align: center;\">\u00a0Dara M\u00e1rquez Venegas, Directora de Participaci\u00f3n Comunitaria\/ Directora de Participaci\u00f3n Comunitaria, La Casa de Amistad<\/p>\n<p style=\"text-align: center;\"><em>Almuerzo\/ Almuerzo<\/em><\/p>\n<p style=\"text-align: center;\"><strong>12:30 pm-1:30 pm<\/strong><\/p>\n<p style=\"text-align: center;\"><u>Panel 3: \u201cVoces de Resiliencia: Panel Comunidad-Escuela\u201d\/ \u201cVoces de Resiliencia: Panel Comunidad-Escuela\u201d<\/u><\/p>\n<p style=\"text-align: center;\">Gabriela Tovar, Asesora Acad\u00e9mica de Estudiantes de Ingl\u00e9s, Escuela Secundaria Goshen<\/p>\n<p style=\"text-align: center;\">Ivette Sifuentes, Especialista en Familias y Comunidad de Estudiantes de Ingl\u00e9s, Divisi\u00f3n de Primer A\u00f1o de la Escuela Preparatoria Elkhart<\/p>\n<p style=\"text-align: center;\">Estudiante, Escuela Preparatoria Goshen<\/p>\n<p style=\"text-align: center;\">Estudiante, Elkhart High School<\/p>\n<p style=\"text-align: center;\"><strong>13:30-14:00<\/strong><\/p>\n<p style=\"text-align: center;\">\u201cDe Sobrevivir a Prosperar: Un Llamado a la Acci\u00f3n\u201d\/ \u201cDe Sobrevivir a Prosperar: Tenemos que actuar\u201d<\/p>\n<p style=\"text-align: center;\">Nancy Rodr\u00edguez-Lora, trabajadora social cl\u00ednica licenciada<\/p>\n<p style=\"text-align: center;\"><em><u>Resumen\/Cierre:<\/u><\/em><u>\u00a0Cierre:<\/u><\/p>\n<p style=\"text-align: center;\">Jan Marable, Coordinadora de Educaci\u00f3n y Eventos del MHAM\/ Coordinadora de Educaci\u00f3n y Eventos del MHAM<\/p>\n<p style=\"text-align: center;\">MHAM y NIHHC documentar\u00e1n el evento mediante fotograf\u00edas, grabaciones de v\u00eddeo y audio, y otros formatos multimedia (en adelante, los \u201cMedios\u201d). Estos Medios se utilizar\u00e1n en presentaciones, informes y materiales promocionales de MHAM\/NIHHC, incluyendo sus sitios web (los \u201cMateriales de MHAM\/NIHHC\u201d). El asistente podr\u00e1 ser captado o aparecer en los Medios durante el evento. Al registrarse, el asistente autoriza a MHAM\/NIHHC a utilizar dichos Medios en los Materiales de MHAM\/NIHHC.<\/p>\n<p style=\"text-align: center;\">MHAM y NIHHC tomar\u00e1n fotograf\u00edas, grabar\u00e1n videos, realizar\u00e1n grabaciones de audio y otras formas de comunicaci\u00f3n (\u201cContenido Multimedia\u201d).  El Contenido Multimedia ser\u00e1 usado por MHAM y NIHHC en presentaciones, reportes, materiales promocionales, incluyendo las p\u00e1ginas web de MHAM y NIHHC (Materiales de MHAM y NIHHC).  El Participante puede ser captado por alguna de las opciones de Contenido Multimedia durante el evento. Al registrarse, el Participante autoriza a MHAM y NIHHC a usar este Contenido Multimedia en los Materiales de MHAM y NIHHC.<\/p>\n<p>&nbsp;<\/p>\n<p style=\"text-align: center;\"><a href=\"https:\/\/mentalhealthawarenessmichiana.regfox.com\/spring-summit-celebrating-research-practice-and-resources-serving-immigrants\"><strong>\u00a1Es necesario registrarse!<\/strong><\/a><\/p>\n<p style=\"text-align: center;\"><a href=\"https:\/\/mhamichiana.org\/es\/donate\/\"><strong>\u00a1Dona hoy!<\/strong><\/a><\/p>\n<p style=\"text-align: center;\"><img fetchpriority=\"high\" decoding=\"async\" class=\"alignnone wp-image-3397\" src=\"https:\/\/mhamichiana.org\/wp-content\/uploads\/2024\/03\/1-232x300.png\" alt=\"\" width=\"858\" height=\"1109\" srcset=\"https:\/\/mhamichiana.org\/wp-content\/uploads\/2024\/03\/1-232x300.png 232w, https:\/\/mhamichiana.org\/wp-content\/uploads\/2024\/03\/1-768x994.png 768w, https:\/\/mhamichiana.org\/wp-content\/uploads\/2024\/03\/1-1187x1536.png 1187w, https:\/\/mhamichiana.org\/wp-content\/uploads\/2024\/03\/1-9x12.png 9w\" sizes=\"(max-width: 858px) 100vw, 858px\" \/> <img decoding=\"async\" class=\"alignnone wp-image-3398\" src=\"https:\/\/mhamichiana.org\/wp-content\/uploads\/2024\/03\/2-232x300.png\" alt=\"\" width=\"853\" height=\"1103\" srcset=\"https:\/\/mhamichiana.org\/wp-content\/uploads\/2024\/03\/2-232x300.png 232w, https:\/\/mhamichiana.org\/wp-content\/uploads\/2024\/03\/2-791x1024.png 791w, https:\/\/mhamichiana.org\/wp-content\/uploads\/2024\/03\/2-768x994.png 768w, https:\/\/mhamichiana.org\/wp-content\/uploads\/2024\/03\/2-1187x1536.png 1187w, https:\/\/mhamichiana.org\/wp-content\/uploads\/2024\/03\/2-9x12.png 9w, https:\/\/mhamichiana.org\/wp-content\/uploads\/2024\/03\/2.png 1545w\" sizes=\"(max-width: 853px) 100vw, 853px\" \/><\/p>\n<h4 style=\"text-align: center;\"><strong>\u00a1Gracias a los patrocinadores de nuestra Cumbre de Primavera 2024!<\/strong><\/h4>\n<p style=\"text-align: center;\"><img decoding=\"async\" class=\"wp-image-3391 aligncenter\" src=\"https:\/\/mhamichiana.org\/wp-content\/uploads\/2024\/03\/sponsors-300x38.png\" alt=\"\" width=\"1232\" height=\"156\" srcset=\"https:\/\/mhamichiana.org\/wp-content\/uploads\/2024\/03\/sponsors-300x38.png 300w, https:\/\/mhamichiana.org\/wp-content\/uploads\/2024\/03\/sponsors-1024x130.png 1024w, https:\/\/mhamichiana.org\/wp-content\/uploads\/2024\/03\/sponsors-768x98.png 768w, https:\/\/mhamichiana.org\/wp-content\/uploads\/2024\/03\/sponsors-18x2.png 18w, https:\/\/mhamichiana.org\/wp-content\/uploads\/2024\/03\/sponsors.png 1421w\" sizes=\"(max-width: 1232px) 100vw, 1232px\" \/><img loading=\"lazy\" decoding=\"async\" class=\"alignnone size-medium wp-image-3399\" src=\"https:\/\/mhamichiana.org\/wp-content\/uploads\/2024\/03\/Beyond-the-therapy-office-Instagram-Post-300x300.png\" alt=\"\" width=\"300\" height=\"300\" srcset=\"https:\/\/mhamichiana.org\/wp-content\/uploads\/2024\/03\/Beyond-the-therapy-office-Instagram-Post-300x300.png 300w, https:\/\/mhamichiana.org\/wp-content\/uploads\/2024\/03\/Beyond-the-therapy-office-Instagram-Post-1024x1024.png 1024w, https:\/\/mhamichiana.org\/wp-content\/uploads\/2024\/03\/Beyond-the-therapy-office-Instagram-Post-150x150.png 150w, https:\/\/mhamichiana.org\/wp-content\/uploads\/2024\/03\/Beyond-the-therapy-office-Instagram-Post-768x768.png 768w, https:\/\/mhamichiana.org\/wp-content\/uploads\/2024\/03\/Beyond-the-therapy-office-Instagram-Post-12x12.png 12w, https:\/\/mhamichiana.org\/wp-content\/uploads\/2024\/03\/Beyond-the-therapy-office-Instagram-Post.png 1080w\" sizes=\"(max-width: 300px) 100vw, 300px\" \/><\/p>\n<p style=\"text-align: center;\"><strong>\u00bfTiene alguna otra pregunta?<\/strong><\/p>\n<p style=\"text-align: center;\"><a href=\"mailto:Info@mhamichiana.org\">Info@mhamichiana.org<\/a><\/p>\n<p style=\"text-align: center;\">Mant\u00e9nganse atentos a los pr\u00f3ximos eventos. <a href=\"https:\/\/mhamichiana.org\/es\/events\/\">AQU\u00cd<\/a>!<\/p>","protected":false},"excerpt":{"rendered":"<p>2024 Spring Summit Celebrating Mental Health Research, Practice, and Community Resources Reaching the Immigrant Population Conferencia sobre Migraci\u00f3n y Salud Mental \u2013 Primavera, 2024: Compartiendo resultados de investigaci\u00f3n, iniciativas exitosas y recursos disponibles para la poblaci\u00f3n inmigrante Wednesday, April 10th, 2024 8:00 AM &#8211; 2:30 PM EST Elkhart\u00a0Aquatic\u00a0and\u00a0Fitness\u00a0Center,\u00a0Elkhart,\u00a0IN\u00a0\u00a0 200\u00a0E\u00a0Jackson\u00a0St,\u00a0Elkhart,\u00a0IN Mental\u00a0Health\u00a0Awareness\u00a0of\u00a0Michiana\u00a0and\u00a0Northern\u00a0Indiana\u00a0Hispanic\u00a0Health\u00a0Coalition\u00a0are\u00a0delighted\u00a0to\u00a0partner\u00a0for\u00a0this\u00a0important\u00a0community\u00a0event. Mental\u00a0Health\u00a0Awareness\u00a0of\u00a0Michiana\u00a0junto\u00a0a\u00a0la\u00a0Coalici\u00f3n\u00a0Hispana\u00a0de\u00a0Salud\u00a0del\u00a0Norte\u00a0de\u00a0Indiana\u00a0unieron\u00a0esfuerzos\u00a0pora\u00a0coordinar\u00a0este\u00a0importante\u00a0evento\u00a0comunitario. &nbsp; Description:\u00a0The\u00a0overall\u00a0goal\u00a0of\u00a0this\u00a0event\u00a0is\u00a0to\u00a0highlight\u00a0the\u00a0unique\u00a0mental\u00a0health\u00a0needs\u00a0of\u00a0immigrants\u00a0in\u00a0Michiana\u00a0and\u00a0describe\u00a0culturally\u00a0inclusive\u00a0approaches\u00a0that\u00a0address\u00a0barriers\u00a0to\u00a0accessing\u00a0mental\u00a0health\u00a0care\u00a0services.\u00a0We\u00a0will\u00a0celebrate\u00a0organizations\u00a0and\u00a0individuals\u00a0whose\u00a0initiatives\u00a0successfully\u00a0promote\u00a0mental\u00a0health\u00a0and\u00a0wellbeing. Community\u00a0resource\u00a0tables\u00a0will\u00a0be\u00a0available\u00a0throughout\u00a0the\u00a0event. Descripci\u00f3n:\u00a0El\u00a0objetivo\u00a0de\u00a0este\u00a0evento\u00a0es\u00a0resaltar\u00a0las\u00a0necesidades\u00a0relacionadas\u00a0con\u00a0salud\u00a0mental\u00a0que\u00a0enfrentan\u00a0los\u00a0inmigrantes\u00a0en\u00a0Michiana.\u00a0Igualmente\u00a0se\u00a0compartir\u00e1n\u00a0estrategias\u00a0para\u00a0aumentar\u00a0el\u00a0acceso\u00a0a\u00a0servicios\u00a0de\u00a0salud\u00a0mental\u00a0promoviendo\u00a0la\u00a0sensibilidad\u00a0relacionada\u00a0con\u00a0los\u00a0aspectos\u00a0culturales\u00a0de\u00a0esta\u00a0comunidad\u00a0necesitada.\u00a0Reconoceremos\u00a0a\u00a0organizaciones\u00a0e\u00a0individuos\u00a0cuyas\u00a0iniciativas\u00a0promueven\u00a0con\u00a0\u00e9xito\u00a0la\u00a0salud\u00a0mental\u00a0y\u00a0el\u00a0bienestar\u00a0de\u00a0los\u00a0inmigrantes. [&hellip;]<\/p>\n","protected":false},"author":3,"featured_media":3392,"template":"","class_list":["post-3389","event","type-event","status-publish","has-post-thumbnail","hentry"],"yoast_head":"<!-- This site is optimized with the Yoast SEO plugin v27.4 - https:\/\/yoast.com\/product\/yoast-seo-wordpress\/ -->\n<title>&quot;2024 Spring Summit&quot; at Elkhart Aquatic &amp; Fitness Center! - Mental Health Awareness of Michiana<\/title>\n<meta name=\"robots\" content=\"index, follow, max-snippet:-1, max-image-preview:large, max-video-preview:-1\" \/>\n<link rel=\"canonical\" href=\"https:\/\/mhamichiana.org\/es\/event\/2024-spring-summit-at-elkhart-aquatic-fitness-center\/\" \/>\n<meta property=\"og:locale\" content=\"es_MX\" \/>\n<meta property=\"og:type\" content=\"article\" \/>\n<meta property=\"og:title\" content=\"&quot;2024 Spring Summit&quot; at Elkhart Aquatic &amp; Fitness Center! - Mental Health Awareness of Michiana\" \/>\n<meta property=\"og:description\" content=\"2024 Spring Summit Celebrating Mental Health Research, Practice, and Community Resources Reaching the Immigrant Population Conferencia sobre Migraci\u00f3n y Salud Mental \u2013 Primavera, 2024: Compartiendo resultados de investigaci\u00f3n, iniciativas exitosas y recursos disponibles para la poblaci\u00f3n inmigrante Wednesday, April 10th, 2024 8:00 AM &#8211; 2:30 PM EST Elkhart\u00a0Aquatic\u00a0and\u00a0Fitness\u00a0Center,\u00a0Elkhart,\u00a0IN\u00a0\u00a0 200\u00a0E\u00a0Jackson\u00a0St,\u00a0Elkhart,\u00a0IN Mental\u00a0Health\u00a0Awareness\u00a0of\u00a0Michiana\u00a0and\u00a0Northern\u00a0Indiana\u00a0Hispanic\u00a0Health\u00a0Coalition\u00a0are\u00a0delighted\u00a0to\u00a0partner\u00a0for\u00a0this\u00a0important\u00a0community\u00a0event. Mental\u00a0Health\u00a0Awareness\u00a0of\u00a0Michiana\u00a0junto\u00a0a\u00a0la\u00a0Coalici\u00f3n\u00a0Hispana\u00a0de\u00a0Salud\u00a0del\u00a0Norte\u00a0de\u00a0Indiana\u00a0unieron\u00a0esfuerzos\u00a0pora\u00a0coordinar\u00a0este\u00a0importante\u00a0evento\u00a0comunitario. &nbsp; Description:\u00a0The\u00a0overall\u00a0goal\u00a0of\u00a0this\u00a0event\u00a0is\u00a0to\u00a0highlight\u00a0the\u00a0unique\u00a0mental\u00a0health\u00a0needs\u00a0of\u00a0immigrants\u00a0in\u00a0Michiana\u00a0and\u00a0describe\u00a0culturally\u00a0inclusive\u00a0approaches\u00a0that\u00a0address\u00a0barriers\u00a0to\u00a0accessing\u00a0mental\u00a0health\u00a0care\u00a0services.\u00a0We\u00a0will\u00a0celebrate\u00a0organizations\u00a0and\u00a0individuals\u00a0whose\u00a0initiatives\u00a0successfully\u00a0promote\u00a0mental\u00a0health\u00a0and\u00a0wellbeing. Community\u00a0resource\u00a0tables\u00a0will\u00a0be\u00a0available\u00a0throughout\u00a0the\u00a0event. Descripci\u00f3n:\u00a0El\u00a0objetivo\u00a0de\u00a0este\u00a0evento\u00a0es\u00a0resaltar\u00a0las\u00a0necesidades\u00a0relacionadas\u00a0con\u00a0salud\u00a0mental\u00a0que\u00a0enfrentan\u00a0los\u00a0inmigrantes\u00a0en\u00a0Michiana.\u00a0Igualmente\u00a0se\u00a0compartir\u00e1n\u00a0estrategias\u00a0para\u00a0aumentar\u00a0el\u00a0acceso\u00a0a\u00a0servicios\u00a0de\u00a0salud\u00a0mental\u00a0promoviendo\u00a0la\u00a0sensibilidad\u00a0relacionada\u00a0con\u00a0los\u00a0aspectos\u00a0culturales\u00a0de\u00a0esta\u00a0comunidad\u00a0necesitada.\u00a0Reconoceremos\u00a0a\u00a0organizaciones\u00a0e\u00a0individuos\u00a0cuyas\u00a0iniciativas\u00a0promueven\u00a0con\u00a0\u00e9xito\u00a0la\u00a0salud\u00a0mental\u00a0y\u00a0el\u00a0bienestar\u00a0de\u00a0los\u00a0inmigrantes. [&hellip;]\" \/>\n<meta property=\"og:url\" content=\"https:\/\/mhamichiana.org\/es\/event\/2024-spring-summit-at-elkhart-aquatic-fitness-center\/\" \/>\n<meta property=\"og:site_name\" content=\"Mental Health Awareness of Michiana\" \/>\n<meta property=\"article:modified_time\" content=\"2024-03-20T04:31:47+00:00\" \/>\n<meta property=\"og:image\" content=\"https:\/\/mhamichiana.org\/wp-content\/uploads\/2024\/03\/spring-summit-v-2.png\" \/>\n\t<meta property=\"og:image:width\" content=\"1545\" \/>\n\t<meta property=\"og:image:height\" content=\"2000\" \/>\n\t<meta property=\"og:image:type\" content=\"image\/png\" \/>\n<meta name=\"twitter:card\" content=\"summary_large_image\" \/>\n<meta name=\"twitter:label1\" content=\"Tiempo de lectura\" \/>\n\t<meta name=\"twitter:data1\" content=\"5 minutos\" \/>\n<script type=\"application\/ld+json\" class=\"yoast-schema-graph\">{\"@context\":\"https:\\\/\\\/schema.org\",\"@graph\":[{\"@type\":\"WebPage\",\"@id\":\"https:\\\/\\\/mhamichiana.org\\\/event\\\/2024-spring-summit-at-elkhart-aquatic-fitness-center\\\/\",\"url\":\"https:\\\/\\\/mhamichiana.org\\\/event\\\/2024-spring-summit-at-elkhart-aquatic-fitness-center\\\/\",\"name\":\"\\\"2024 Spring Summit\\\" at Elkhart Aquatic & Fitness Center! - Mental Health Awareness of Michiana\",\"isPartOf\":{\"@id\":\"https:\\\/\\\/mhamichiana.org\\\/#website\"},\"primaryImageOfPage\":{\"@id\":\"https:\\\/\\\/mhamichiana.org\\\/event\\\/2024-spring-summit-at-elkhart-aquatic-fitness-center\\\/#primaryimage\"},\"image\":{\"@id\":\"https:\\\/\\\/mhamichiana.org\\\/event\\\/2024-spring-summit-at-elkhart-aquatic-fitness-center\\\/#primaryimage\"},\"thumbnailUrl\":\"https:\\\/\\\/mhamichiana.org\\\/wp-content\\\/uploads\\\/2024\\\/03\\\/spring-summit-v-2.png\",\"datePublished\":\"2024-03-01T02:16:17+00:00\",\"dateModified\":\"2024-03-20T04:31:47+00:00\",\"breadcrumb\":{\"@id\":\"https:\\\/\\\/mhamichiana.org\\\/event\\\/2024-spring-summit-at-elkhart-aquatic-fitness-center\\\/#breadcrumb\"},\"inLanguage\":\"es\",\"potentialAction\":[{\"@type\":\"ReadAction\",\"target\":[\"https:\\\/\\\/mhamichiana.org\\\/event\\\/2024-spring-summit-at-elkhart-aquatic-fitness-center\\\/\"]}]},{\"@type\":\"ImageObject\",\"inLanguage\":\"es\",\"@id\":\"https:\\\/\\\/mhamichiana.org\\\/event\\\/2024-spring-summit-at-elkhart-aquatic-fitness-center\\\/#primaryimage\",\"url\":\"https:\\\/\\\/mhamichiana.org\\\/wp-content\\\/uploads\\\/2024\\\/03\\\/spring-summit-v-2.png\",\"contentUrl\":\"https:\\\/\\\/mhamichiana.org\\\/wp-content\\\/uploads\\\/2024\\\/03\\\/spring-summit-v-2.png\",\"width\":1545,\"height\":2000},{\"@type\":\"BreadcrumbList\",\"@id\":\"https:\\\/\\\/mhamichiana.org\\\/event\\\/2024-spring-summit-at-elkhart-aquatic-fitness-center\\\/#breadcrumb\",\"itemListElement\":[{\"@type\":\"ListItem\",\"position\":1,\"name\":\"Home\",\"item\":\"https:\\\/\\\/mhamichiana.org\\\/\"},{\"@type\":\"ListItem\",\"position\":2,\"name\":\"Event\",\"item\":\"https:\\\/\\\/mhamichiana.org\\\/event\\\/\"},{\"@type\":\"ListItem\",\"position\":3,\"name\":\"&#8220;2024 Spring Summit&#8221; at Elkhart Aquatic &#038; Fitness Center!\"}]},{\"@type\":\"WebSite\",\"@id\":\"https:\\\/\\\/mhamichiana.org\\\/#website\",\"url\":\"https:\\\/\\\/mhamichiana.org\\\/\",\"name\":\"Mental Health Awareness of Michiana\",\"description\":\"Eliminate Stigma, Build Collaboration, Ensure Access to Care\",\"publisher\":{\"@id\":\"https:\\\/\\\/mhamichiana.org\\\/#organization\"},\"potentialAction\":[{\"@type\":\"SearchAction\",\"target\":{\"@type\":\"EntryPoint\",\"urlTemplate\":\"https:\\\/\\\/mhamichiana.org\\\/?s={search_term_string}\"},\"query-input\":{\"@type\":\"PropertyValueSpecification\",\"valueRequired\":true,\"valueName\":\"search_term_string\"}}],\"inLanguage\":\"es\"},{\"@type\":\"Organization\",\"@id\":\"https:\\\/\\\/mhamichiana.org\\\/#organization\",\"name\":\"Mental Health Awareness of Michiana\",\"url\":\"https:\\\/\\\/mhamichiana.org\\\/\",\"logo\":{\"@type\":\"ImageObject\",\"inLanguage\":\"es\",\"@id\":\"https:\\\/\\\/mhamichiana.org\\\/#\\\/schema\\\/logo\\\/image\\\/\",\"url\":\"https:\\\/\\\/mhamichiana.org\\\/wp-content\\\/uploads\\\/2024\\\/12\\\/MHAM-MHA-White-1.png\",\"contentUrl\":\"https:\\\/\\\/mhamichiana.org\\\/wp-content\\\/uploads\\\/2024\\\/12\\\/MHAM-MHA-White-1.png\",\"width\":2560,\"height\":427,\"caption\":\"Mental Health Awareness of Michiana\"},\"image\":{\"@id\":\"https:\\\/\\\/mhamichiana.org\\\/#\\\/schema\\\/logo\\\/image\\\/\"}}]}<\/script>\n<!-- \/ Yoast SEO plugin. -->","yoast_head_json":{"title":"\"\u00a1Cumbre de Primavera 2024 en el Centro Acu\u00e1tico y de Fitness de Elkhart! - Concientizaci\u00f3n sobre la Salud Mental de Michiana","robots":{"index":"index","follow":"follow","max-snippet":"max-snippet:-1","max-image-preview":"max-image-preview:large","max-video-preview":"max-video-preview:-1"},"canonical":"https:\/\/mhamichiana.org\/es\/event\/2024-spring-summit-at-elkhart-aquatic-fitness-center\/","og_locale":"es_MX","og_type":"article","og_title":"\"2024 Spring Summit\" at Elkhart Aquatic & Fitness Center! - Mental Health Awareness of Michiana","og_description":"2024 Spring Summit Celebrating Mental Health Research, Practice, and Community Resources Reaching the Immigrant Population Conferencia sobre Migraci\u00f3n y Salud Mental \u2013 Primavera, 2024: Compartiendo resultados de investigaci\u00f3n, iniciativas exitosas y recursos disponibles para la poblaci\u00f3n inmigrante Wednesday, April 10th, 2024 8:00 AM &#8211; 2:30 PM EST Elkhart\u00a0Aquatic\u00a0and\u00a0Fitness\u00a0Center,\u00a0Elkhart,\u00a0IN\u00a0\u00a0 200\u00a0E\u00a0Jackson\u00a0St,\u00a0Elkhart,\u00a0IN Mental\u00a0Health\u00a0Awareness\u00a0of\u00a0Michiana\u00a0and\u00a0Northern\u00a0Indiana\u00a0Hispanic\u00a0Health\u00a0Coalition\u00a0are\u00a0delighted\u00a0to\u00a0partner\u00a0for\u00a0this\u00a0important\u00a0community\u00a0event. Mental\u00a0Health\u00a0Awareness\u00a0of\u00a0Michiana\u00a0junto\u00a0a\u00a0la\u00a0Coalici\u00f3n\u00a0Hispana\u00a0de\u00a0Salud\u00a0del\u00a0Norte\u00a0de\u00a0Indiana\u00a0unieron\u00a0esfuerzos\u00a0pora\u00a0coordinar\u00a0este\u00a0importante\u00a0evento\u00a0comunitario. &nbsp; Description:\u00a0The\u00a0overall\u00a0goal\u00a0of\u00a0this\u00a0event\u00a0is\u00a0to\u00a0highlight\u00a0the\u00a0unique\u00a0mental\u00a0health\u00a0needs\u00a0of\u00a0immigrants\u00a0in\u00a0Michiana\u00a0and\u00a0describe\u00a0culturally\u00a0inclusive\u00a0approaches\u00a0that\u00a0address\u00a0barriers\u00a0to\u00a0accessing\u00a0mental\u00a0health\u00a0care\u00a0services.\u00a0We\u00a0will\u00a0celebrate\u00a0organizations\u00a0and\u00a0individuals\u00a0whose\u00a0initiatives\u00a0successfully\u00a0promote\u00a0mental\u00a0health\u00a0and\u00a0wellbeing. Community\u00a0resource\u00a0tables\u00a0will\u00a0be\u00a0available\u00a0throughout\u00a0the\u00a0event. Descripci\u00f3n:\u00a0El\u00a0objetivo\u00a0de\u00a0este\u00a0evento\u00a0es\u00a0resaltar\u00a0las\u00a0necesidades\u00a0relacionadas\u00a0con\u00a0salud\u00a0mental\u00a0que\u00a0enfrentan\u00a0los\u00a0inmigrantes\u00a0en\u00a0Michiana.\u00a0Igualmente\u00a0se\u00a0compartir\u00e1n\u00a0estrategias\u00a0para\u00a0aumentar\u00a0el\u00a0acceso\u00a0a\u00a0servicios\u00a0de\u00a0salud\u00a0mental\u00a0promoviendo\u00a0la\u00a0sensibilidad\u00a0relacionada\u00a0con\u00a0los\u00a0aspectos\u00a0culturales\u00a0de\u00a0esta\u00a0comunidad\u00a0necesitada.\u00a0Reconoceremos\u00a0a\u00a0organizaciones\u00a0e\u00a0individuos\u00a0cuyas\u00a0iniciativas\u00a0promueven\u00a0con\u00a0\u00e9xito\u00a0la\u00a0salud\u00a0mental\u00a0y\u00a0el\u00a0bienestar\u00a0de\u00a0los\u00a0inmigrantes. [&hellip;]","og_url":"https:\/\/mhamichiana.org\/es\/event\/2024-spring-summit-at-elkhart-aquatic-fitness-center\/","og_site_name":"Mental Health Awareness of Michiana","article_modified_time":"2024-03-20T04:31:47+00:00","og_image":[{"width":1545,"height":2000,"url":"https:\/\/mhamichiana.org\/wp-content\/uploads\/2024\/03\/spring-summit-v-2.png","type":"image\/png"}],"twitter_card":"summary_large_image","twitter_misc":{"Tiempo de lectura":"5 minutos"},"schema":{"@context":"https:\/\/schema.org","@graph":[{"@type":"WebPage","@id":"https:\/\/mhamichiana.org\/event\/2024-spring-summit-at-elkhart-aquatic-fitness-center\/","url":"https:\/\/mhamichiana.org\/event\/2024-spring-summit-at-elkhart-aquatic-fitness-center\/","name":"\"\u00a1Cumbre de Primavera 2024 en el Centro Acu\u00e1tico y de Fitness de Elkhart! - Concientizaci\u00f3n sobre la Salud Mental de Michiana","isPartOf":{"@id":"https:\/\/mhamichiana.org\/#website"},"primaryImageOfPage":{"@id":"https:\/\/mhamichiana.org\/event\/2024-spring-summit-at-elkhart-aquatic-fitness-center\/#primaryimage"},"image":{"@id":"https:\/\/mhamichiana.org\/event\/2024-spring-summit-at-elkhart-aquatic-fitness-center\/#primaryimage"},"thumbnailUrl":"https:\/\/mhamichiana.org\/wp-content\/uploads\/2024\/03\/spring-summit-v-2.png","datePublished":"2024-03-01T02:16:17+00:00","dateModified":"2024-03-20T04:31:47+00:00","breadcrumb":{"@id":"https:\/\/mhamichiana.org\/event\/2024-spring-summit-at-elkhart-aquatic-fitness-center\/#breadcrumb"},"inLanguage":"es","potentialAction":[{"@type":"ReadAction","target":["https:\/\/mhamichiana.org\/event\/2024-spring-summit-at-elkhart-aquatic-fitness-center\/"]}]},{"@type":"ImageObject","inLanguage":"es","@id":"https:\/\/mhamichiana.org\/event\/2024-spring-summit-at-elkhart-aquatic-fitness-center\/#primaryimage","url":"https:\/\/mhamichiana.org\/wp-content\/uploads\/2024\/03\/spring-summit-v-2.png","contentUrl":"https:\/\/mhamichiana.org\/wp-content\/uploads\/2024\/03\/spring-summit-v-2.png","width":1545,"height":2000},{"@type":"BreadcrumbList","@id":"https:\/\/mhamichiana.org\/event\/2024-spring-summit-at-elkhart-aquatic-fitness-center\/#breadcrumb","itemListElement":[{"@type":"ListItem","position":1,"name":"Home","item":"https:\/\/mhamichiana.org\/"},{"@type":"ListItem","position":2,"name":"Event","item":"https:\/\/mhamichiana.org\/event\/"},{"@type":"ListItem","position":3,"name":"&#8220;2024 Spring Summit&#8221; at Elkhart Aquatic &#038; Fitness Center!"}]},{"@type":"WebSite","@id":"https:\/\/mhamichiana.org\/#website","url":"https:\/\/mhamichiana.org\/","name":"Concientizaci\u00f3n sobre la salud mental en Michiana","description":"Eliminar el estigma, fomentar la colaboraci\u00f3n y garantizar el acceso a la atenci\u00f3n m\u00e9dica.","publisher":{"@id":"https:\/\/mhamichiana.org\/#organization"},"potentialAction":[{"@type":"SearchAction","target":{"@type":"EntryPoint","urlTemplate":"https:\/\/mhamichiana.org\/?s={search_term_string}"},"query-input":{"@type":"PropertyValueSpecification","valueRequired":true,"valueName":"search_term_string"}}],"inLanguage":"es"},{"@type":"Organization","@id":"https:\/\/mhamichiana.org\/#organization","name":"Concientizaci\u00f3n sobre la salud mental en Michiana","url":"https:\/\/mhamichiana.org\/","logo":{"@type":"ImageObject","inLanguage":"es","@id":"https:\/\/mhamichiana.org\/#\/schema\/logo\/image\/","url":"https:\/\/mhamichiana.org\/wp-content\/uploads\/2024\/12\/MHAM-MHA-White-1.png","contentUrl":"https:\/\/mhamichiana.org\/wp-content\/uploads\/2024\/12\/MHAM-MHA-White-1.png","width":2560,"height":427,"caption":"Mental Health Awareness of Michiana"},"image":{"@id":"https:\/\/mhamichiana.org\/#\/schema\/logo\/image\/"}}]}},"_links":{"self":[{"href":"https:\/\/mhamichiana.org\/es\/wp-json\/wp\/v2\/event\/3389","targetHints":{"allow":["GET"]}}],"collection":[{"href":"https:\/\/mhamichiana.org\/es\/wp-json\/wp\/v2\/event"}],"about":[{"href":"https:\/\/mhamichiana.org\/es\/wp-json\/wp\/v2\/types\/event"}],"author":[{"embeddable":true,"href":"https:\/\/mhamichiana.org\/es\/wp-json\/wp\/v2\/users\/3"}],"wp:featuredmedia":[{"embeddable":true,"href":"https:\/\/mhamichiana.org\/es\/wp-json\/wp\/v2\/media\/3392"}],"wp:attachment":[{"href":"https:\/\/mhamichiana.org\/es\/wp-json\/wp\/v2\/media?parent=3389"}],"curies":[{"name":"wp","href":"https:\/\/api.w.org\/{rel}","templated":true}]}}